{"id":93,"date":"2020-08-25T13:24:53","date_gmt":"2020-08-25T11:24:53","guid":{"rendered":"https:\/\/toetra-photo.com\/?page_id=93"},"modified":"2025-09-28T18:26:36","modified_gmt":"2025-09-28T16:26:36","slug":"galeries-mariage","status":"publish","type":"page","link":"https:\/\/toetra-photo.com\/en\/galeries-mariage\/","title":{"rendered":"GALLERY"},"content":{"rendered":"<div class=\"section-heading headingstyle-compact section-align-center\" style=\"padding-top:10px;padding-bottom:10px;margin-bottom:10px;\"><h2 class=\"animation-standby animated zoomIn entry-title section-title\" style=\"color:#000000;font-size:40px; line-height: 1.2;\">MY WEDDING COVERAGE<\/h2><\/div>\n<div class=\"animation-standby animated zoomIn\">\n<p><h3 style=\"text-align: center;\">Wedding photography in Provence<\/h3>\n<p style=\"text-align: center;\">En tant que photographe de mariage en Provence, je suis honor\u00e9 de travailler aux c\u00f4t\u00e9s de prestataires de mariage exceptionnels pour cr\u00e9er des souvenirs inoubliables pour nos couples. D\u00e9couvrez nos reportages de mariage en Provence : une c\u00e9l\u00e9bration de l&rsquo;amour captur\u00e9e dans toute sa splendeur. Ma Galerie photo o\u00f9 l&rsquo;art de la photographie rencontre le r\u00e9cit visuel. Mes photos de reportages mariages vous transportent au c\u0153ur des moments m\u00e9morables, capturant l&rsquo;essence de chaque histoire avec des clich\u00e9s saisissants. D\u00e9couvrez des r\u00e9cits authentiques \u00e0 travers mes objectifs. Chaque image raconte une histoire unique. Plongez dans mon univers visuel et <a href=\"https:\/\/toetra-photo.com\/en\/contactez-moi\/\">let yourself be carried away<\/a> through the magic of narrative photography<\/p>\n<\/p>\n<\/div>\n<div class=\"button-shortcode button-shortcode-69ef8509ba4fc\" style=\"text-align:center;\"><a href=\"https:\/\/toetra-photo.com\/en\/contactez-moi\/\" _self><div style=\"border-color: #be1e2d; color: #be1e2d;\" data-backgroundafter=\"#be1e2d\" data-buttonid=\"69ef8509ba4fc\"  class=\"mtheme-button button-has-a-color\"><span class=\"button-icon\"><i class=\"fa fa-calendar\"><\/i><\/span>CONTACT US<\/div><\/a><\/div>\n<div class=\"gridblock-filter-select-wrap\"><div id=\"gridblock-filters\"><ul class=\"gridblock-filter-categories\"><li class=\"filter-all-control\"><a data-filter=\"*\" data-title=\"All Projects\" href=\"#\"><span class=\"filter-seperator filter-seperator-all\"><\/span>All Projects<\/a><\/li><li  class=\"filter-control filter-category-control filter-control-concert\"><a data-filter=\".filter-concert\" data-title=\"Concert\" href=\"#\"><span class=\"filter-seperator filter-seperator-main\"><\/span>Concert<\/a><\/li><li  class=\"filter-control filter-category-control filter-control-corporate\"><a data-filter=\".filter-corporate\" data-title=\"Corporate\" href=\"#\"><span class=\"filter-seperator filter-seperator-main\"><\/span>Corporate<\/a><\/li><li  class=\"filter-control filter-category-control filter-control-evenementiel\"><a data-filter=\".filter-evenementiel\" data-title=\"\u00c9v\u00e8nementiel\" href=\"#\"><span class=\"filter-seperator filter-seperator-main\"><\/span>Events<\/a><\/li><li  class=\"filter-control filter-category-control filter-control-paysage\"><a data-filter=\".filter-paysage\" data-title=\"Paysage\" href=\"#\"><span class=\"filter-seperator filter-seperator-main\"><\/span>Landscape<\/a><\/li><li  class=\"filter-control filter-category-control filter-control-portrait\"><a data-filter=\".filter-portrait\" data-title=\"Portrait\" href=\"#\"><span class=\"filter-seperator filter-seperator-main\"><\/span>Portrait<\/a><\/li><li  class=\"filter-control filter-category-control filter-control-sport\"><a data-filter=\".filter-sport\" data-title=\"Sport\" href=\"#\"><span class=\"filter-seperator filter-seperator-main\"><\/span>Sport<\/a><\/li><\/ul><\/div><\/div><div class=\"portfolio-grid-container portfolio-gridblock-columns-wrap\"><div id=\"gridblock-container\" class=\"portfolio-gutter-spaced  has-effect-zoom grid-style-classic gridblock-three clearfix\" data-columns=\"3\"><div class=\"gridblock-element animation-standby-portfolio animated thumbnailFadeInUpSlow isotope-displayed gridblock-element-id-7721 gridblock-element-order-1  gridblock-filterable filter-evenementiel\" data-portfolio=\"portfolio-7721\" data-id=\"id-2\"><div class=\"gridblock-grid-element gridblock-element-inner\" data-portfolioid=\"7721\"><div class=\"gridblock-background-hover\"><a class=\"gridblock-sole-link\" href=\"https:\/\/toetra-photo.com\/en\/project\/stephanie-julien\/\"><div class=\"gridblock-links-wrap box-title-\"><span class=\"column-gridblock-icon\"><span class=\"hover-icon-effect\"><i class=\"ion-ios-plus-empty\"><\/i><\/span><\/span><\/div><\/a><\/div><img decoding=\"async\" src=\"https:\/\/toetra-photo.com\/wp-content\/uploads\/2025\/07\/WEB_0204-746x548.jpg\" alt=\"Photographe de mariage Var\" class=\"displayed-image\"\/><\/div><div class=\"work-details\"><div class=\"worktype-categories\">Events<\/div><h4><a href=\"https:\/\/toetra-photo.com\/en\/project\/stephanie-julien\/\">St\u00e9phanie &#038; Julien<\/a><\/h4><\/div><\/div><div class=\"gridblock-element animation-standby-portfolio animated thumbnailFadeInUpSlow isotope-displayed gridblock-element-id-7452 gridblock-element-order-2  gridblock-filterable filter-evenementiel\" data-portfolio=\"portfolio-7452\" data-id=\"id-3\"><div class=\"gridblock-grid-element gridblock-element-inner\" data-portfolioid=\"7452\"><div class=\"gridblock-background-hover\"><a class=\"gridblock-sole-link\" href=\"https:\/\/toetra-photo.com\/en\/project\/cindy-thomas\/\"><div class=\"gridblock-links-wrap box-title-\"><span class=\"column-gridblock-icon\"><span class=\"hover-icon-effect\"><i class=\"ion-ios-plus-empty\"><\/i><\/span><\/span><\/div><\/a><\/div><img decoding=\"async\" src=\"https:\/\/toetra-photo.com\/wp-content\/uploads\/2024\/10\/0392_WEB-746x548.jpg\" alt=\"\" class=\"displayed-image\"\/><\/div><div class=\"work-details\"><div class=\"worktype-categories\">Events<\/div><h4><a href=\"https:\/\/toetra-photo.com\/en\/project\/cindy-thomas\/\">Cindy &#038; Thomas<\/a><\/h4><\/div><\/div><div class=\"gridblock-element animation-standby-portfolio animated thumbnailFadeInUpSlow isotope-displayed gridblock-element-id-6377 gridblock-element-order-3  gridblock-filterable filter-evenementiel\" data-portfolio=\"portfolio-6377\" data-id=\"id-4\"><div class=\"gridblock-grid-element gridblock-element-inner\" data-portfolioid=\"6377\"><div class=\"gridblock-background-hover\"><a class=\"gridblock-sole-link\" href=\"https:\/\/toetra-photo.com\/en\/project\/anna-joel\/\"><div class=\"gridblock-links-wrap box-title-\"><span class=\"column-gridblock-icon\"><span class=\"hover-icon-effect\"><i class=\"ion-ios-plus-empty\"><\/i><\/span><\/span><\/div><\/a><\/div><img decoding=\"async\" src=\"https:\/\/toetra-photo.com\/wp-content\/uploads\/2023\/09\/0778-e1698617105618-746x548.jpg\" alt=\"Photographe de mariage \u00e0 Draguignan dans le Var\" class=\"displayed-image\"\/><\/div><div class=\"work-details\"><div class=\"worktype-categories\">Events<\/div><h4><a href=\"https:\/\/toetra-photo.com\/en\/project\/anna-joel\/\">Anna &amp; Joel<\/a><\/h4><\/div><\/div><div class=\"gridblock-element animation-standby-portfolio animated thumbnailFadeInUpSlow isotope-displayed gridblock-element-id-5994 gridblock-element-order-4  gridblock-filterable filter-evenementiel\" data-portfolio=\"portfolio-5994\" data-id=\"id-5\"><div class=\"gridblock-grid-element gridblock-element-inner\" data-portfolioid=\"5994\"><div class=\"gridblock-background-hover\"><a class=\"gridblock-sole-link\" href=\"https:\/\/toetra-photo.com\/en\/project\/hasina-tefy\/\"><div class=\"gridblock-links-wrap box-title-\"><span class=\"column-gridblock-icon\"><span class=\"hover-icon-effect\"><i class=\"ion-ios-plus-empty\"><\/i><\/span><\/span><\/div><\/a><\/div><img decoding=\"async\" src=\"https:\/\/toetra-photo.com\/wp-content\/uploads\/2023\/07\/WEB_0199-746x548.jpg\" alt=\"Photographe de mariage Toulouse\" class=\"displayed-image\"\/><\/div><div class=\"work-details\"><div class=\"worktype-categories\">Events<\/div><h4><a href=\"https:\/\/toetra-photo.com\/en\/project\/hasina-tefy\/\">Hasina &amp; Tefy<\/a><\/h4><\/div><\/div><div class=\"gridblock-element animation-standby-portfolio animated thumbnailFadeInUpSlow isotope-displayed gridblock-element-id-5847 gridblock-element-order-5  gridblock-filterable filter-evenementiel\" data-portfolio=\"portfolio-5847\" data-id=\"id-6\"><div class=\"gridblock-grid-element gridblock-element-inner\" data-portfolioid=\"5847\"><div class=\"gridblock-background-hover\"><a class=\"gridblock-sole-link\" href=\"https:\/\/toetra-photo.com\/en\/project\/estele-nicolas\/\"><div class=\"gridblock-links-wrap box-title-\"><span class=\"column-gridblock-icon\"><span class=\"hover-icon-effect\"><i class=\"ion-ios-plus-empty\"><\/i><\/span><\/span><\/div><\/a><\/div><img decoding=\"async\" src=\"https:\/\/toetra-photo.com\/wp-content\/uploads\/2023\/07\/2023-06-10-18.35.19-1-e1698615648331-746x548.jpg\" alt=\"Photographe de mariage \u00e0 Draguignan dans le Var\" class=\"displayed-image\"\/><\/div><div class=\"work-details\"><div class=\"worktype-categories\">Events<\/div><h4><a href=\"https:\/\/toetra-photo.com\/en\/project\/estele-nicolas\/\">Est\u00e8le &amp; Nicolas<\/a><\/h4><\/div><\/div><div class=\"gridblock-element animation-standby-portfolio animated thumbnailFadeInUpSlow isotope-displayed gridblock-element-id-5668 gridblock-element-order-6  gridblock-filterable filter-evenementiel\" data-portfolio=\"portfolio-5668\" data-id=\"id-7\"><div class=\"gridblock-grid-element gridblock-element-inner\" data-portfolioid=\"5668\"><div class=\"gridblock-background-hover\"><a class=\"gridblock-sole-link\" href=\"https:\/\/toetra-photo.com\/en\/project\/charlene-theo\/\"><div class=\"gridblock-links-wrap box-title-\"><span class=\"column-gridblock-icon\"><span class=\"hover-icon-effect\"><i class=\"ion-ios-plus-empty\"><\/i><\/span><\/span><\/div><\/a><\/div><img decoding=\"async\" src=\"https:\/\/toetra-photo.com\/wp-content\/uploads\/2023\/07\/0246_CT-746x548.jpg\" alt=\"Photographe mariage Draguignan Var\" class=\"displayed-image\"\/><\/div><div class=\"work-details\"><div class=\"worktype-categories\">Events<\/div><h4><a href=\"https:\/\/toetra-photo.com\/en\/project\/charlene-theo\/\">Charl\u00e8ne &amp; Th\u00e9o<\/a><\/h4><\/div><\/div><div class=\"gridblock-element animation-standby-portfolio animated thumbnailFadeInUpSlow isotope-displayed gridblock-element-id-5543 gridblock-element-order-7  gridblock-filterable filter-evenementiel\" data-portfolio=\"portfolio-5543\" data-id=\"id-8\"><div class=\"gridblock-grid-element gridblock-element-inner\" data-portfolioid=\"5543\"><div class=\"gridblock-background-hover\"><a class=\"gridblock-sole-link\" href=\"https:\/\/toetra-photo.com\/en\/project\/melanie-frederic\/\"><div class=\"gridblock-links-wrap box-title-\"><span class=\"column-gridblock-icon\"><span class=\"hover-icon-effect\"><i class=\"ion-ios-plus-empty\"><\/i><\/span><\/span><\/div><\/a><\/div><img decoding=\"async\" src=\"https:\/\/toetra-photo.com\/wp-content\/uploads\/2023\/07\/0164-746x548.jpg\" alt=\"Photographe de mariage Lyon\" class=\"displayed-image\"\/><\/div><div class=\"work-details\"><div class=\"worktype-categories\">Events<\/div><h4><a href=\"https:\/\/toetra-photo.com\/en\/project\/melanie-frederic\/\">M\u00e9lanie &amp; Fr\u00e9d\u00e9ric<\/a><\/h4><\/div><\/div><div class=\"gridblock-element animation-standby-portfolio animated thumbnailFadeInUpSlow isotope-displayed gridblock-element-id-6163 gridblock-element-order-8  gridblock-filterable filter-evenementiel\" data-portfolio=\"portfolio-6163\" data-id=\"id-9\"><div class=\"gridblock-grid-element gridblock-element-inner\" data-portfolioid=\"6163\"><div class=\"gridblock-background-hover\"><a class=\"gridblock-sole-link\" href=\"https:\/\/toetra-photo.com\/en\/project\/dorethy-alain\/\"><div class=\"gridblock-links-wrap box-title-\"><span class=\"column-gridblock-icon\"><span class=\"hover-icon-effect\"><i class=\"ion-ios-plus-empty\"><\/i><\/span><\/span><\/div><\/a><\/div><img decoding=\"async\" src=\"https:\/\/toetra-photo.com\/wp-content\/uploads\/2023\/07\/0352_DA-746x548.jpg\" alt=\"Photographe de mariage Limoges\" class=\"displayed-image\"\/><\/div><div class=\"work-details\"><div class=\"worktype-categories\">Events<\/div><h4><a href=\"https:\/\/toetra-photo.com\/en\/project\/dorethy-alain\/\">Dor\u00e9thy &amp; Alain<\/a><\/h4><\/div><\/div><div class=\"gridblock-element animation-standby-portfolio animated thumbnailFadeInUpSlow isotope-displayed gridblock-element-id-4673 gridblock-element-order-9  gridblock-filterable filter-evenementiel\" data-portfolio=\"portfolio-4673\" data-id=\"id-10\"><div class=\"gridblock-grid-element gridblock-element-inner\" data-portfolioid=\"4673\"><div class=\"gridblock-background-hover\"><a class=\"gridblock-sole-link\" href=\"https:\/\/toetra-photo.com\/en\/project\/melissa-florian\/\"><div class=\"gridblock-links-wrap box-title-\"><span class=\"column-gridblock-icon\"><span class=\"hover-icon-effect\"><i class=\"ion-ios-plus-empty\"><\/i><\/span><\/span><\/div><\/a><\/div><img decoding=\"async\" src=\"https:\/\/toetra-photo.com\/wp-content\/uploads\/2022\/08\/WEB_0446-746x548.jpg\" alt=\"Photographe de mariage Lyon\" class=\"displayed-image\"\/><\/div><div class=\"work-details\"><div class=\"worktype-categories\">Events<\/div><h4><a href=\"https:\/\/toetra-photo.com\/en\/project\/melissa-florian\/\">M\u00e9lissa &amp; Florian<\/a><\/h4><\/div><\/div><div class=\"gridblock-element animation-standby-portfolio animated thumbnailFadeInUpSlow isotope-displayed gridblock-element-id-7358 gridblock-element-order-10  gridblock-filterable filter-sport\" data-portfolio=\"portfolio-7358\" data-id=\"id-11\"><div class=\"gridblock-grid-element gridblock-element-inner\" data-portfolioid=\"7358\"><div class=\"gridblock-background-hover\"><a class=\"gridblock-sole-link\" href=\"https:\/\/toetra-photo.com\/en\/project\/handball-dvhb-vs-lacrau\/\"><div class=\"gridblock-links-wrap box-title-\"><span class=\"column-gridblock-icon\"><span class=\"hover-icon-effect\"><i class=\"ion-ios-plus-empty\"><\/i><\/span><\/span><\/div><\/a><\/div><img decoding=\"async\" src=\"https:\/\/toetra-photo.com\/wp-content\/uploads\/2024\/01\/0092-746x548.jpg\" alt=\"Photographe Draguignan Var HandBall\" class=\"displayed-image\"\/><\/div><div class=\"work-details\"><div class=\"worktype-categories\">Sport<\/div><h4><a href=\"https:\/\/toetra-photo.com\/en\/project\/handball-dvhb-vs-lacrau\/\">DVHB vs LACRAU<\/a><\/h4><\/div><\/div><div class=\"gridblock-element animation-standby-portfolio animated thumbnailFadeInUpSlow isotope-displayed gridblock-element-id-5373 gridblock-element-order-11  gridblock-filterable filter-evenementiel\" data-portfolio=\"portfolio-5373\" data-id=\"id-12\"><div class=\"gridblock-grid-element gridblock-element-inner\" data-portfolioid=\"5373\"><div class=\"gridblock-background-hover\"><a class=\"gridblock-sole-link\" href=\"https:\/\/toetra-photo.com\/en\/project\/kanellina-jean-baptiste\/\"><div class=\"gridblock-links-wrap box-title-\"><span class=\"column-gridblock-icon\"><span class=\"hover-icon-effect\"><i class=\"ion-ios-plus-empty\"><\/i><\/span><\/span><\/div><\/a><\/div><img decoding=\"async\" src=\"https:\/\/toetra-photo.com\/wp-content\/uploads\/2023\/06\/WEB_0382-746x548.jpg\" alt=\"Photographe de mariage Lyon\" class=\"displayed-image\"\/><\/div><div class=\"work-details\"><div class=\"worktype-categories\">Events<\/div><h4><a href=\"https:\/\/toetra-photo.com\/en\/project\/kanellina-jean-baptiste\/\">Kanellina &amp; Jean-Baptiste<\/a><\/h4><\/div><\/div><div class=\"gridblock-element animation-standby-portfolio animated thumbnailFadeInUpSlow isotope-displayed gridblock-element-id-4752 gridblock-element-order-12  gridblock-filterable filter-evenementiel\" data-portfolio=\"portfolio-4752\" data-id=\"id-13\"><div class=\"gridblock-grid-element gridblock-element-inner\" data-portfolioid=\"4752\"><div class=\"gridblock-background-hover\"><a class=\"gridblock-sole-link\" href=\"https:\/\/toetra-photo.com\/en\/project\/stephanie-tahina\/\"><div class=\"gridblock-links-wrap box-title-\"><span class=\"column-gridblock-icon\"><span class=\"hover-icon-effect\"><i class=\"ion-ios-plus-empty\"><\/i><\/span><\/span><\/div><\/a><\/div><img decoding=\"async\" src=\"https:\/\/toetra-photo.com\/wp-content\/uploads\/2022\/09\/2022-08-27-17.06.27-746x548.jpg\" alt=\"Photographe de mariage Toulouse\" class=\"displayed-image\"\/><\/div><div class=\"work-details\"><div class=\"worktype-categories\">Events<\/div><h4><a href=\"https:\/\/toetra-photo.com\/en\/project\/stephanie-tahina\/\">St\u00e9phanie &amp; Tahina<\/a><\/h4><\/div><\/div><div class=\"gridblock-element animation-standby-portfolio animated thumbnailFadeInUpSlow isotope-displayed gridblock-element-id-4374 gridblock-element-order-13  gridblock-filterable filter-evenementiel\" data-portfolio=\"portfolio-4374\" data-id=\"id-14\"><div class=\"gridblock-grid-element gridblock-element-inner\" data-portfolioid=\"4374\"><div class=\"gridblock-background-hover\"><a class=\"gridblock-sole-link\" href=\"https:\/\/toetra-photo.com\/en\/project\/miangola-raphael\/\"><div class=\"gridblock-links-wrap box-title-\"><span class=\"column-gridblock-icon\"><span class=\"hover-icon-effect\"><i class=\"ion-ios-plus-empty\"><\/i><\/span><\/span><\/div><\/a><\/div><img decoding=\"async\" src=\"https:\/\/toetra-photo.com\/wp-content\/uploads\/2022\/08\/2022-07-09-20.04.07-746x548.jpg\" alt=\"Photographe de mariage Paris\" class=\"displayed-image\"\/><\/div><div class=\"work-details\"><div class=\"worktype-categories\">Events<\/div><h4><a href=\"https:\/\/toetra-photo.com\/en\/project\/miangola-raphael\/\">Miangola &amp; Rapha\u00ebl<\/a><\/h4><\/div><\/div><div class=\"gridblock-element animation-standby-portfolio animated thumbnailFadeInUpSlow isotope-displayed gridblock-element-id-5345 gridblock-element-order-14  gridblock-filterable filter-portrait\" data-portfolio=\"portfolio-5345\" data-id=\"id-15\"><div class=\"gridblock-grid-element gridblock-element-inner\" data-portfolioid=\"5345\"><div class=\"gridblock-background-hover\"><a class=\"gridblock-sole-link\" href=\"https:\/\/toetra-photo.com\/en\/project\/seance-photo-alexia-saint-raphael\/\"><div class=\"gridblock-links-wrap box-title-\"><span class=\"column-gridblock-icon\"><span class=\"hover-icon-effect\"><i class=\"ion-ios-plus-empty\"><\/i><\/span><\/span><\/div><\/a><\/div><img decoding=\"async\" src=\"https:\/\/toetra-photo.com\/wp-content\/uploads\/2023\/05\/WEB_0075_SHOOTING-746x548.jpg\" alt=\"\" class=\"displayed-image\"\/><\/div><div class=\"work-details\"><div class=\"worktype-categories\">Portrait<\/div><h4><a href=\"https:\/\/toetra-photo.com\/en\/project\/seance-photo-alexia-saint-raphael\/\">Alexia photo shoot<\/a><\/h4><\/div><\/div><div class=\"gridblock-element animation-standby-portfolio animated thumbnailFadeInUpSlow isotope-displayed gridblock-element-id-5326 gridblock-element-order-15  gridblock-filterable filter-portrait\" data-portfolio=\"portfolio-5326\" data-id=\"id-16\"><div class=\"gridblock-grid-element gridblock-element-inner\" data-portfolioid=\"5326\"><div class=\"gridblock-background-hover\"><a class=\"gridblock-sole-link\" href=\"https:\/\/toetra-photo.com\/en\/project\/studio-mes-5-ans\/\"><div class=\"gridblock-links-wrap box-title-\"><span class=\"column-gridblock-icon\"><span class=\"hover-icon-effect\"><i class=\"ion-ios-plus-empty\"><\/i><\/span><\/span><\/div><\/a><\/div><img decoding=\"async\" src=\"https:\/\/toetra-photo.com\/wp-content\/uploads\/2023\/05\/WEB_0007-746x548.jpg\" alt=\"\" class=\"displayed-image\"\/><\/div><div class=\"work-details\"><div class=\"worktype-categories\">Portrait<\/div><h4><a href=\"https:\/\/toetra-photo.com\/en\/project\/studio-mes-5-ans\/\">Shooting studio 5 years<\/a><\/h4><\/div><\/div><div class=\"gridblock-element animation-standby-portfolio animated thumbnailFadeInUpSlow isotope-displayed gridblock-element-id-4118 gridblock-element-order-16  gridblock-filterable filter-evenementiel\" data-portfolio=\"portfolio-4118\" data-id=\"id-17\"><div class=\"gridblock-grid-element gridblock-element-inner\" data-portfolioid=\"4118\"><div class=\"gridblock-background-hover\"><a class=\"gridblock-sole-link\" href=\"https:\/\/toetra-photo.com\/en\/project\/melissa-sebastien\/\"><div class=\"gridblock-links-wrap box-title-\"><span class=\"column-gridblock-icon\"><span class=\"hover-icon-effect\"><i class=\"ion-ios-plus-empty\"><\/i><\/span><\/span><\/div><\/a><\/div><img decoding=\"async\" src=\"https:\/\/toetra-photo.com\/wp-content\/uploads\/2022\/07\/2022-06-25-13.23.46-746x548.jpg\" alt=\"\" class=\"displayed-image\"\/><\/div><div class=\"work-details\"><div class=\"worktype-categories\">Events<\/div><h4><a href=\"https:\/\/toetra-photo.com\/en\/project\/melissa-sebastien\/\">M\u00e9lissa &amp; S\u00e9bastien<\/a><\/h4><\/div><\/div><div class=\"gridblock-element animation-standby-portfolio animated thumbnailFadeInUpSlow isotope-displayed gridblock-element-id-3798 gridblock-element-order-17  gridblock-filterable filter-concert\" data-portfolio=\"portfolio-3798\" data-id=\"id-18\"><div class=\"gridblock-grid-element gridblock-element-inner\" data-portfolioid=\"3798\"><div class=\"gridblock-background-hover\"><a class=\"gridblock-sole-link\" href=\"https:\/\/toetra-photo.com\/en\/project\/bodo-nice-2022\/\"><div class=\"gridblock-links-wrap box-title-\"><span class=\"column-gridblock-icon\"><span class=\"hover-icon-effect\"><i class=\"ion-ios-plus-empty\"><\/i><\/span><\/span><\/div><\/a><\/div><img decoding=\"async\" src=\"https:\/\/toetra-photo.com\/wp-content\/uploads\/2022\/07\/0442-746x548.jpg\" alt=\"\" class=\"displayed-image\"\/><\/div><div class=\"work-details\"><div class=\"worktype-categories\">Concert<\/div><h4><a href=\"https:\/\/toetra-photo.com\/en\/project\/bodo-nice-2022\/\">Bodo | Nice 2022<\/a><\/h4><\/div><\/div><div class=\"gridblock-element animation-standby-portfolio animated thumbnailFadeInUpSlow isotope-displayed gridblock-element-id-4553 gridblock-element-order-18  gridblock-filterable filter-evenementiel\" data-portfolio=\"portfolio-4553\" data-id=\"id-19\"><div class=\"gridblock-grid-element gridblock-element-inner\" data-portfolioid=\"4553\"><div class=\"gridblock-background-hover\"><a class=\"gridblock-sole-link\" href=\"https:\/\/toetra-photo.com\/en\/project\/nirina-frederic\/\"><div class=\"gridblock-links-wrap box-title-\"><span class=\"column-gridblock-icon\"><span class=\"hover-icon-effect\"><i class=\"ion-ios-plus-empty\"><\/i><\/span><\/span><\/div><\/a><\/div><img decoding=\"async\" src=\"https:\/\/toetra-photo.com\/wp-content\/uploads\/2022\/08\/WEB-NF_0181-746x548.jpg\" alt=\"Photographe de mariage Toulouse\" class=\"displayed-image\"\/><\/div><div class=\"work-details\"><div class=\"worktype-categories\">Events<\/div><h4><a href=\"https:\/\/toetra-photo.com\/en\/project\/nirina-frederic\/\">Nirina &amp; Fr\u00e9d\u00e9ric<\/a><\/h4><\/div><\/div><div class=\"gridblock-element animation-standby-portfolio animated thumbnailFadeInUpSlow isotope-displayed gridblock-element-id-3653 gridblock-element-order-19  gridblock-filterable filter-evenementiel\" data-portfolio=\"portfolio-3653\" data-id=\"id-20\"><div class=\"gridblock-grid-element gridblock-element-inner\" data-portfolioid=\"3653\"><div class=\"gridblock-background-hover\"><a class=\"gridblock-sole-link\" href=\"https:\/\/toetra-photo.com\/en\/project\/georgia-arnaud\/\"><div class=\"gridblock-links-wrap box-title-\"><span class=\"column-gridblock-icon\"><span class=\"hover-icon-effect\"><i class=\"ion-ios-plus-empty\"><\/i><\/span><\/span><\/div><\/a><\/div><img decoding=\"async\" src=\"https:\/\/toetra-photo.com\/wp-content\/uploads\/2022\/07\/AG_0281-746x548.jpg\" alt=\"Photographe de mariage \u00e0 Draguignan dans le Var\" class=\"displayed-image\"\/><\/div><div class=\"work-details\"><div class=\"worktype-categories\">Events<\/div><h4><a href=\"https:\/\/toetra-photo.com\/en\/project\/georgia-arnaud\/\">Georgia &amp; Arnaud<\/a><\/h4><\/div><\/div><div class=\"gridblock-element animation-standby-portfolio animated thumbnailFadeInUpSlow isotope-displayed gridblock-element-id-3434 gridblock-element-order-20  gridblock-filterable filter-evenementiel\" data-portfolio=\"portfolio-3434\" data-id=\"id-21\"><div class=\"gridblock-grid-element gridblock-element-inner\" data-portfolioid=\"3434\"><div class=\"gridblock-background-hover\"><a class=\"gridblock-sole-link\" href=\"https:\/\/toetra-photo.com\/en\/project\/nina-thierry\/\"><div class=\"gridblock-links-wrap box-title-\"><span class=\"column-gridblock-icon\"><span class=\"hover-icon-effect\"><i class=\"ion-ios-plus-empty\"><\/i><\/span><\/span><\/div><\/a><\/div><img decoding=\"async\" src=\"https:\/\/toetra-photo.com\/wp-content\/uploads\/2022\/05\/2022-04-30-21.35.41-746x548.jpg\" alt=\"Photographe de mariage \u00e0 Draguignan dans le Var\" class=\"displayed-image\"\/><\/div><div class=\"work-details\"><div class=\"worktype-categories\">Events<\/div><h4><a href=\"https:\/\/toetra-photo.com\/en\/project\/nina-thierry\/\">Nina &amp; Thierry<\/a><\/h4><\/div><\/div><div class=\"gridblock-element animation-standby-portfolio animated thumbnailFadeInUpSlow isotope-displayed gridblock-element-id-4281 gridblock-element-order-21  gridblock-filterable filter-evenementiel\" data-portfolio=\"portfolio-4281\" data-id=\"id-22\"><div class=\"gridblock-grid-element gridblock-element-inner\" data-portfolioid=\"4281\"><div class=\"gridblock-background-hover\"><a class=\"gridblock-sole-link\" href=\"https:\/\/toetra-photo.com\/en\/project\/hoby-sitraka\/\"><div class=\"gridblock-links-wrap box-title-\"><span class=\"column-gridblock-icon\"><span class=\"hover-icon-effect\"><i class=\"ion-ios-plus-empty\"><\/i><\/span><\/span><\/div><\/a><\/div><img decoding=\"async\" src=\"https:\/\/toetra-photo.com\/wp-content\/uploads\/2022\/07\/2022-07-08-17.04.53-746x548.jpg\" alt=\"\" class=\"displayed-image\"\/><\/div><div class=\"work-details\"><div class=\"worktype-categories\">Events<\/div><h4><a href=\"https:\/\/toetra-photo.com\/en\/project\/hoby-sitraka\/\">Hoby &amp; Sitraka<\/a><\/h4><\/div><\/div><div class=\"gridblock-element animation-standby-portfolio animated thumbnailFadeInUpSlow isotope-displayed gridblock-element-id-3238 gridblock-element-order-22  gridblock-filterable filter-evenementiel\" data-portfolio=\"portfolio-3238\" data-id=\"id-23\"><div class=\"gridblock-grid-element gridblock-element-inner\" data-portfolioid=\"3238\"><div class=\"gridblock-background-hover\"><a class=\"gridblock-sole-link\" href=\"https:\/\/toetra-photo.com\/en\/project\/manon-nicolas\/\"><div class=\"gridblock-links-wrap box-title-\"><span class=\"column-gridblock-icon\"><span class=\"hover-icon-effect\"><i class=\"ion-ios-plus-empty\"><\/i><\/span><\/span><\/div><\/a><\/div><img decoding=\"async\" src=\"https:\/\/toetra-photo.com\/wp-content\/uploads\/2022\/04\/0705-746x548.jpg\" alt=\"Photographe de mariage \u00e0 Draguignan dans le Var\" class=\"displayed-image\"\/><\/div><div class=\"work-details\"><div class=\"worktype-categories\">Events<\/div><h4><a href=\"https:\/\/toetra-photo.com\/en\/project\/manon-nicolas\/\">Manon &amp; Nicolas<\/a><\/h4><\/div><\/div><div class=\"gridblock-element animation-standby-portfolio animated thumbnailFadeInUpSlow isotope-displayed gridblock-element-id-2882 gridblock-element-order-23  gridblock-filterable filter-evenementiel\" data-portfolio=\"portfolio-2882\" data-id=\"id-24\"><div class=\"gridblock-grid-element gridblock-element-inner\" data-portfolioid=\"2882\"><div class=\"gridblock-background-hover\"><a class=\"gridblock-sole-link\" href=\"https:\/\/toetra-photo.com\/en\/project\/aurelie-fabrice\/\"><div class=\"gridblock-links-wrap box-title-\"><span class=\"column-gridblock-icon\"><span class=\"hover-icon-effect\"><i class=\"ion-ios-locked-outline\"><\/i><\/span><\/span><\/div><\/a><\/div><img decoding=\"async\" src=\"https:\/\/toetra-photo.com\/wp-content\/uploads\/2021\/10\/SITE_0594_FA-746x548.jpg\" alt=\"Photographe de mariage \u00e0 Draguignan dans le Var\" class=\"displayed-image\"\/><\/div><div class=\"work-details\"><div class=\"worktype-categories\">Events<\/div><h4><a href=\"https:\/\/toetra-photo.com\/en\/project\/aurelie-fabrice\/\">Protected: Aurelie &#038; Fabrice<\/a><\/h4><\/div><\/div><div class=\"gridblock-element animation-standby-portfolio animated thumbnailFadeInUpSlow isotope-displayed gridblock-element-id-3068 gridblock-element-order-24  gridblock-filterable filter-evenementiel\" data-portfolio=\"portfolio-3068\" data-id=\"id-25\"><div class=\"gridblock-grid-element gridblock-element-inner\" data-portfolioid=\"3068\"><div class=\"gridblock-background-hover\"><a class=\"gridblock-sole-link\" href=\"https:\/\/toetra-photo.com\/en\/project\/pom-romain\/\"><div class=\"gridblock-links-wrap box-title-\"><span class=\"column-gridblock-icon\"><span class=\"hover-icon-effect\"><i class=\"ion-ios-plus-empty\"><\/i><\/span><\/span><\/div><\/a><\/div><img decoding=\"async\" src=\"https:\/\/toetra-photo.com\/wp-content\/uploads\/2021\/11\/0285-746x548.jpg\" alt=\"Photographe de mariage \u00e0 Draguignan dans le Var\" class=\"displayed-image\"\/><\/div><div class=\"work-details\"><div class=\"worktype-categories\">Events<\/div><h4><a href=\"https:\/\/toetra-photo.com\/en\/project\/pom-romain\/\">Pom &amp; Romain<\/a><\/h4><\/div><\/div><div class=\"gridblock-element animation-standby-portfolio animated thumbnailFadeInUpSlow isotope-displayed gridblock-element-id-1337 gridblock-element-order-25  gridblock-filterable filter-evenementiel\" data-portfolio=\"portfolio-1337\" data-id=\"id-26\"><div class=\"gridblock-grid-element gridblock-element-inner\" data-portfolioid=\"1337\"><div class=\"gridblock-background-hover\"><a class=\"gridblock-sole-link\" href=\"https:\/\/toetra-photo.com\/en\/project\/fabien-candy\/\"><div class=\"gridblock-links-wrap box-title-\"><span class=\"column-gridblock-icon\"><span class=\"hover-icon-effect\"><i class=\"ion-ios-plus-empty\"><\/i><\/span><\/span><\/div><\/a><\/div><img decoding=\"async\" src=\"https:\/\/toetra-photo.com\/wp-content\/uploads\/2020\/09\/TRJ_2016-1-746x548.jpg\" alt=\"Photographe de mariage \u00e0 Draguignan dans le Var\" class=\"displayed-image\"\/><\/div><div class=\"work-details\"><div class=\"worktype-categories\">Events<\/div><h4><a href=\"https:\/\/toetra-photo.com\/en\/project\/fabien-candy\/\">Fabien &amp; Candy<\/a><\/h4><\/div><\/div><div class=\"gridblock-element animation-standby-portfolio animated thumbnailFadeInUpSlow isotope-displayed gridblock-element-id-1970 gridblock-element-order-26  gridblock-filterable filter-evenementiel\" data-portfolio=\"portfolio-1970\" data-id=\"id-27\"><div class=\"gridblock-grid-element gridblock-element-inner\" data-portfolioid=\"1970\"><div class=\"gridblock-background-hover\"><a class=\"gridblock-sole-link\" href=\"https:\/\/toetra-photo.com\/en\/project\/sofia-richard\/\"><div class=\"gridblock-links-wrap box-title-\"><span class=\"column-gridblock-icon\"><span class=\"hover-icon-effect\"><i class=\"ion-ios-plus-empty\"><\/i><\/span><\/span><\/div><\/a><\/div><img decoding=\"async\" src=\"https:\/\/toetra-photo.com\/wp-content\/uploads\/2021\/05\/TRJ_2743-746x548.jpg\" alt=\"Photographe de mariage \u00e0 Draguignan dans le Var\" class=\"displayed-image\"\/><\/div><div class=\"work-details\"><div class=\"worktype-categories\">Events<\/div><h4><a href=\"https:\/\/toetra-photo.com\/en\/project\/sofia-richard\/\">Sofia &amp; Richard<\/a><\/h4><\/div><\/div><div class=\"gridblock-element animation-standby-portfolio animated thumbnailFadeInUpSlow isotope-displayed gridblock-element-id-1890 gridblock-element-order-27  gridblock-filterable filter-evenementiel\" data-portfolio=\"portfolio-1890\" data-id=\"id-28\"><div class=\"gridblock-grid-element gridblock-element-inner\" data-portfolioid=\"1890\"><div class=\"gridblock-background-hover\"><a class=\"gridblock-sole-link\" href=\"https:\/\/toetra-photo.com\/en\/project\/melanie-michael\/\"><div class=\"gridblock-links-wrap box-title-\"><span class=\"column-gridblock-icon\"><span class=\"hover-icon-effect\"><i class=\"ion-ios-plus-empty\"><\/i><\/span><\/span><\/div><\/a><\/div><img decoding=\"async\" src=\"https:\/\/toetra-photo.com\/wp-content\/uploads\/2021\/05\/0430_MM-746x548.jpg\" alt=\"\" class=\"displayed-image\"\/><\/div><div class=\"work-details\"><div class=\"worktype-categories\">Events<\/div><h4><a href=\"https:\/\/toetra-photo.com\/en\/project\/melanie-michael\/\">M\u00e9lanie &amp; Michael<\/a><\/h4><\/div><\/div><div class=\"gridblock-element animation-standby-portfolio animated thumbnailFadeInUpSlow isotope-displayed gridblock-element-id-2729 gridblock-element-order-28  gridblock-filterable filter-evenementiel\" data-portfolio=\"portfolio-2729\" data-id=\"id-29\"><div class=\"gridblock-grid-element gridblock-element-inner\" data-portfolioid=\"2729\"><div class=\"gridblock-background-hover\"><a class=\"gridblock-sole-link\" href=\"https:\/\/toetra-photo.com\/en\/project\/maya-ando-naina\/\"><div class=\"gridblock-links-wrap box-title-\"><span class=\"column-gridblock-icon\"><span class=\"hover-icon-effect\"><i class=\"ion-ios-plus-empty\"><\/i><\/span><\/span><\/div><\/a><\/div><img decoding=\"async\" src=\"https:\/\/toetra-photo.com\/wp-content\/uploads\/2021\/09\/WEB_0415_ANM-746x548.jpg\" alt=\"Photographe de mariage Lyon\" class=\"displayed-image\"\/><\/div><div class=\"work-details\"><div class=\"worktype-categories\">Events<\/div><h4><a href=\"https:\/\/toetra-photo.com\/en\/project\/maya-ando-naina\/\">Maya &amp; Ando-Naina<\/a><\/h4><\/div><\/div><div class=\"gridblock-element animation-standby-portfolio animated thumbnailFadeInUpSlow isotope-displayed gridblock-element-id-1838 gridblock-element-order-29  gridblock-filterable filter-evenementiel\" data-portfolio=\"portfolio-1838\" data-id=\"id-30\"><div class=\"gridblock-grid-element gridblock-element-inner\" data-portfolioid=\"1838\"><div class=\"gridblock-background-hover\"><a class=\"gridblock-sole-link\" href=\"https:\/\/toetra-photo.com\/en\/project\/sylvain-laurene\/\"><div class=\"gridblock-links-wrap box-title-\"><span class=\"column-gridblock-icon\"><span class=\"hover-icon-effect\"><i class=\"ion-ios-plus-empty\"><\/i><\/span><\/span><\/div><\/a><\/div><img decoding=\"async\" src=\"https:\/\/toetra-photo.com\/wp-content\/uploads\/2021\/02\/0212_SL-746x548.jpg\" alt=\"\" class=\"displayed-image\"\/><\/div><div class=\"work-details\"><div class=\"worktype-categories\">Events<\/div><h4><a href=\"https:\/\/toetra-photo.com\/en\/project\/sylvain-laurene\/\">Sylvain &amp; Laur\u00e8ne<\/a><\/h4><\/div><\/div><div class=\"gridblock-element animation-standby-portfolio animated thumbnailFadeInUpSlow isotope-displayed gridblock-element-id-2602 gridblock-element-order-30  gridblock-filterable filter-evenementiel\" data-portfolio=\"portfolio-2602\" data-id=\"id-31\"><div class=\"gridblock-grid-element gridblock-element-inner\" data-portfolioid=\"2602\"><div class=\"gridblock-background-hover\"><a class=\"gridblock-sole-link\" href=\"https:\/\/toetra-photo.com\/en\/project\/henintsoa-joel\/\"><div class=\"gridblock-links-wrap box-title-\"><span class=\"column-gridblock-icon\"><span class=\"hover-icon-effect\"><i class=\"ion-ios-plus-empty\"><\/i><\/span><\/span><\/div><\/a><\/div><img decoding=\"async\" src=\"https:\/\/toetra-photo.com\/wp-content\/uploads\/2021\/08\/WEB_0198_JH-746x548.jpg\" alt=\"Photographe de mariage \u00e0 Draguignan dans le Var\" class=\"displayed-image\"\/><\/div><div class=\"work-details\"><div class=\"worktype-categories\">Events<\/div><h4><a href=\"https:\/\/toetra-photo.com\/en\/project\/henintsoa-joel\/\">Henintsoa &amp; Joel<\/a><\/h4><\/div><\/div><div class=\"gridblock-element animation-standby-portfolio animated thumbnailFadeInUpSlow isotope-displayed gridblock-element-id-2428 gridblock-element-order-31  gridblock-filterable filter-evenementiel\" data-portfolio=\"portfolio-2428\" data-id=\"id-32\"><div class=\"gridblock-grid-element gridblock-element-inner\" data-portfolioid=\"2428\"><div class=\"gridblock-background-hover\"><a class=\"gridblock-sole-link\" href=\"https:\/\/toetra-photo.com\/en\/project\/edwige-jean-marc\/\"><div class=\"gridblock-links-wrap box-title-\"><span class=\"column-gridblock-icon\"><span class=\"hover-icon-effect\"><i class=\"ion-ios-plus-empty\"><\/i><\/span><\/span><\/div><\/a><\/div><img decoding=\"async\" src=\"https:\/\/toetra-photo.com\/wp-content\/uploads\/2021\/07\/TRJ_6022-746x548.jpg\" alt=\"\" class=\"displayed-image\"\/><\/div><div class=\"work-details\"><div class=\"worktype-categories\">Events<\/div><h4><a href=\"https:\/\/toetra-photo.com\/en\/project\/edwige-jean-marc\/\">Edwige &amp; Jean Marc<\/a><\/h4><\/div><\/div><div class=\"gridblock-element animation-standby-portfolio animated thumbnailFadeInUpSlow isotope-displayed gridblock-element-id-1734 gridblock-element-order-32  gridblock-filterable filter-evenementiel\" data-portfolio=\"portfolio-1734\" data-id=\"id-33\"><div class=\"gridblock-grid-element gridblock-element-inner\" data-portfolioid=\"1734\"><div class=\"gridblock-background-hover\"><a class=\"gridblock-sole-link\" href=\"https:\/\/toetra-photo.com\/en\/project\/alexandre-samantha\/\"><div class=\"gridblock-links-wrap box-title-\"><span class=\"column-gridblock-icon\"><span class=\"hover-icon-effect\"><i class=\"ion-ios-plus-empty\"><\/i><\/span><\/span><\/div><\/a><\/div><img decoding=\"async\" src=\"https:\/\/toetra-photo.com\/wp-content\/uploads\/2021\/01\/TRJ_9581-746x548.jpg\" alt=\"Photographe de mariage \u00e0 Draguignan dans le Var\" class=\"displayed-image\"\/><\/div><div class=\"work-details\"><div class=\"worktype-categories\">Events<\/div><h4><a href=\"https:\/\/toetra-photo.com\/en\/project\/alexandre-samantha\/\">Alex &amp; Sam<\/a><\/h4><\/div><\/div><div class=\"gridblock-element animation-standby-portfolio animated thumbnailFadeInUpSlow isotope-displayed gridblock-element-id-1658 gridblock-element-order-33  gridblock-filterable filter-evenementiel\" data-portfolio=\"portfolio-1658\" data-id=\"id-34\"><div class=\"gridblock-grid-element gridblock-element-inner\" data-portfolioid=\"1658\"><div class=\"gridblock-background-hover\"><a class=\"gridblock-sole-link\" href=\"https:\/\/toetra-photo.com\/en\/project\/alicia-anthony\/\"><div class=\"gridblock-links-wrap box-title-\"><span class=\"column-gridblock-icon\"><span class=\"hover-icon-effect\"><i class=\"ion-ios-plus-empty\"><\/i><\/span><\/span><\/div><\/a><\/div><img decoding=\"async\" src=\"https:\/\/toetra-photo.com\/wp-content\/uploads\/2020\/10\/0062_Alicia-Anthony-746x548.jpg\" alt=\"\" class=\"displayed-image\"\/><\/div><div class=\"work-details\"><div class=\"worktype-categories\">Events<\/div><h4><a href=\"https:\/\/toetra-photo.com\/en\/project\/alicia-anthony\/\">Alicia &amp; Anthony<\/a><\/h4><\/div><\/div><div class=\"gridblock-element animation-standby-portfolio animated thumbnailFadeInUpSlow isotope-displayed gridblock-element-id-781 gridblock-element-order-34  gridblock-filterable filter-evenementiel\" data-portfolio=\"portfolio-781\" data-id=\"id-35\"><div class=\"gridblock-grid-element gridblock-element-inner\" data-portfolioid=\"781\"><div class=\"gridblock-background-hover\"><a class=\"gridblock-sole-link\" href=\"https:\/\/toetra-photo.com\/en\/project\/naina-landy\/\"><div class=\"gridblock-links-wrap box-title-\"><span class=\"column-gridblock-icon\"><span class=\"hover-icon-effect\"><i class=\"ion-ios-plus-empty\"><\/i><\/span><\/span><\/div><\/a><\/div><img decoding=\"async\" src=\"https:\/\/toetra-photo.com\/wp-content\/uploads\/2020\/08\/0077_Naina-Landy.jpg\" alt=\"Photographe de mariage Paris\" class=\"displayed-image\"\/><\/div><div class=\"work-details\"><div class=\"worktype-categories\">Events<\/div><h4><a href=\"https:\/\/toetra-photo.com\/en\/project\/naina-landy\/\">Naina &amp; Landy<\/a><\/h4><\/div><\/div><div class=\"gridblock-element animation-standby-portfolio animated thumbnailFadeInUpSlow isotope-displayed gridblock-element-id-689 gridblock-element-order-35  gridblock-filterable filter-evenementiel\" data-portfolio=\"portfolio-689\" data-id=\"id-36\"><div class=\"gridblock-grid-element gridblock-element-inner\" data-portfolioid=\"689\"><div class=\"gridblock-background-hover\"><a class=\"gridblock-sole-link\" href=\"https:\/\/toetra-photo.com\/en\/project\/marc-anja\/\"><div class=\"gridblock-links-wrap box-title-\"><span class=\"column-gridblock-icon\"><span class=\"hover-icon-effect\"><i class=\"ion-ios-plus-empty\"><\/i><\/span><\/span><\/div><\/a><\/div><img decoding=\"async\" src=\"https:\/\/toetra-photo.com\/wp-content\/uploads\/2020\/08\/0090_Marc-Anja.jpg\" alt=\"Photographe de mariage Paris\" class=\"displayed-image\"\/><\/div><div class=\"work-details\"><div class=\"worktype-categories\">Events<\/div><h4><a href=\"https:\/\/toetra-photo.com\/en\/project\/marc-anja\/\">Marc &amp; Anja<\/a><\/h4><\/div><\/div><div class=\"gridblock-element animation-standby-portfolio animated thumbnailFadeInUpSlow isotope-displayed gridblock-element-id-557 gridblock-element-order-36  gridblock-filterable filter-evenementiel\" data-portfolio=\"portfolio-557\" data-id=\"id-37\"><div class=\"gridblock-grid-element gridblock-element-inner\" data-portfolioid=\"557\"><div class=\"gridblock-background-hover\"><a class=\"gridblock-sole-link\" href=\"https:\/\/toetra-photo.com\/en\/project\/frederic-raivo\/\"><div class=\"gridblock-links-wrap box-title-\"><span class=\"column-gridblock-icon\"><span class=\"hover-icon-effect\"><i class=\"ion-ios-plus-empty\"><\/i><\/span><\/span><\/div><\/a><\/div><img decoding=\"async\" src=\"https:\/\/toetra-photo.com\/wp-content\/uploads\/2020\/08\/0122_Fre\u0301de\u0301ric-Raivo.jpg\" alt=\"Photographe de mariage Nancy\" class=\"displayed-image\"\/><\/div><div class=\"work-details\"><div class=\"worktype-categories\">Events<\/div><h4><a href=\"https:\/\/toetra-photo.com\/en\/project\/frederic-raivo\/\">Fr\u00e9d\u00e9ric &amp; Raivo<\/a><\/h4><\/div><\/div><div class=\"gridblock-element animation-standby-portfolio animated thumbnailFadeInUpSlow isotope-displayed gridblock-element-id-223 gridblock-element-order-37  gridblock-filterable filter-evenementiel\" data-portfolio=\"portfolio-223\" data-id=\"id-38\"><div class=\"gridblock-grid-element gridblock-element-inner\" data-portfolioid=\"223\"><div class=\"gridblock-background-hover\"><a class=\"gridblock-sole-link\" href=\"https:\/\/toetra-photo.com\/en\/project\/ambroise-sabrina\/\"><div class=\"gridblock-links-wrap box-title-\"><span class=\"column-gridblock-icon\"><span class=\"hover-icon-effect\"><i class=\"ion-ios-plus-empty\"><\/i><\/span><\/span><\/div><\/a><\/div><img decoding=\"async\" src=\"https:\/\/toetra-photo.com\/wp-content\/uploads\/2020\/08\/0083_Ambroise-Sabrina.jpg\" alt=\"Photographe de mariage Paris\" class=\"displayed-image\"\/><\/div><div class=\"work-details\"><div class=\"worktype-categories\">Events<\/div><h4><a href=\"https:\/\/toetra-photo.com\/en\/project\/ambroise-sabrina\/\">Ambroise &amp; Sabrina<\/a><\/h4><\/div><\/div><div class=\"gridblock-element animation-standby-portfolio animated thumbnailFadeInUpSlow isotope-displayed gridblock-element-id-26 gridblock-element-order-38  gridblock-filterable filter-evenementiel\" data-portfolio=\"portfolio-26\" data-id=\"id-39\"><div class=\"gridblock-grid-element gridblock-element-inner\" data-portfolioid=\"26\"><div class=\"gridblock-background-hover\"><a class=\"gridblock-sole-link\" href=\"https:\/\/toetra-photo.com\/en\/project\/tantely-lalatiana\/\"><div class=\"gridblock-links-wrap box-title-\"><span class=\"column-gridblock-icon\"><span class=\"hover-icon-effect\"><i class=\"ion-ios-plus-empty\"><\/i><\/span><\/span><\/div><\/a><\/div><img decoding=\"async\" src=\"https:\/\/toetra-photo.com\/wp-content\/uploads\/2020\/08\/0079_Tantely-Lalatiana.jpg\" alt=\"Photographe de mariage \u00e0 Draguignan dans le Var\" class=\"displayed-image\"\/><\/div><div class=\"work-details\"><div class=\"worktype-categories\">Events<\/div><h4><a href=\"https:\/\/toetra-photo.com\/en\/project\/tantely-lalatiana\/\">Tantely &amp; Lalatiana<\/a><\/h4><\/div><\/div><div class=\"gridblock-element animation-standby-portfolio animated thumbnailFadeInUpSlow isotope-displayed gridblock-element-id-1000 gridblock-element-order-39  gridblock-filterable filter-sport\" data-portfolio=\"portfolio-1000\" data-id=\"id-40\"><div class=\"gridblock-grid-element gridblock-element-inner\" data-portfolioid=\"1000\"><div class=\"gridblock-background-hover\"><a class=\"gridblock-sole-link\" href=\"https:\/\/toetra-photo.com\/en\/project\/rallycross-mettet-2017\/\"><div class=\"gridblock-links-wrap box-title-\"><span class=\"column-gridblock-icon\"><span class=\"hover-icon-effect\"><i class=\"ion-ios-plus-empty\"><\/i><\/span><\/span><\/div><\/a><\/div><img decoding=\"async\" src=\"https:\/\/toetra-photo.com\/wp-content\/uploads\/2020\/08\/0040_Rallycross-Mettet.jpg\" alt=\"\" class=\"displayed-image\"\/><\/div><div class=\"work-details\"><div class=\"worktype-categories\">Sport<\/div><h4><a href=\"https:\/\/toetra-photo.com\/en\/project\/rallycross-mettet-2017\/\">Rallycross | Mettet 2017<\/a><\/h4><\/div><\/div><div class=\"gridblock-element animation-standby-portfolio animated thumbnailFadeInUpSlow isotope-displayed gridblock-element-id-2012 gridblock-element-order-40  gridblock-filterable filter-evenementiel\" data-portfolio=\"portfolio-2012\" data-id=\"id-41\"><div class=\"gridblock-grid-element gridblock-element-inner\" data-portfolioid=\"2012\"><div class=\"gridblock-background-hover\"><a class=\"gridblock-sole-link\" href=\"https:\/\/toetra-photo.com\/en\/project\/dylan\/\"><div class=\"gridblock-links-wrap box-title-\"><span class=\"column-gridblock-icon\"><span class=\"hover-icon-effect\"><i class=\"ion-ios-plus-empty\"><\/i><\/span><\/span><\/div><\/a><\/div><img decoding=\"async\" src=\"https:\/\/toetra-photo.com\/wp-content\/uploads\/2021\/06\/WEB_0417-746x548.jpg\" alt=\"\" class=\"displayed-image\"\/><\/div><div class=\"work-details\"><div class=\"worktype-categories\">Events<\/div><h4><a href=\"https:\/\/toetra-photo.com\/en\/project\/dylan\/\">Premi\u00e8re Communion Dylan<\/a><\/h4><\/div><\/div><div class=\"gridblock-element animation-standby-portfolio animated thumbnailFadeInUpSlow isotope-displayed gridblock-element-id-1578 gridblock-element-order-41  gridblock-filterable filter-evenementiel\" data-portfolio=\"portfolio-1578\" data-id=\"id-42\"><div class=\"gridblock-grid-element gridblock-element-inner\" data-portfolioid=\"1578\"><div class=\"gridblock-background-hover\"><a class=\"gridblock-sole-link\" href=\"https:\/\/toetra-photo.com\/en\/project\/chris-marlene\/\"><div class=\"gridblock-links-wrap box-title-\"><span class=\"column-gridblock-icon\"><span class=\"hover-icon-effect\"><i class=\"ion-ios-plus-empty\"><\/i><\/span><\/span><\/div><\/a><\/div><img decoding=\"async\" src=\"https:\/\/toetra-photo.com\/wp-content\/uploads\/2020\/09\/0023_CHRIS-MARLENE-746x548.jpg\" alt=\"\" class=\"displayed-image\"\/><\/div><div class=\"work-details\"><div class=\"worktype-categories\">Events<\/div><h4><a href=\"https:\/\/toetra-photo.com\/en\/project\/chris-marlene\/\">Chris &amp; Marl\u00e8ne<\/a><\/h4><\/div><\/div><div class=\"gridblock-element animation-standby-portfolio animated thumbnailFadeInUpSlow isotope-displayed gridblock-element-id-19 gridblock-element-order-42  gridblock-filterable filter-portrait\" data-portfolio=\"portfolio-19\" data-id=\"id-43\"><div class=\"gridblock-grid-element gridblock-element-inner\" data-portfolioid=\"19\"><div class=\"gridblock-background-hover\"><a class=\"gridblock-sole-link\" href=\"https:\/\/toetra-photo.com\/en\/project\/modeles\/\"><div class=\"gridblock-links-wrap box-title-\"><span class=\"column-gridblock-icon\"><span class=\"hover-icon-effect\"><i class=\"ion-ios-plus-empty\"><\/i><\/span><\/span><\/div><\/a><\/div><img decoding=\"async\" src=\"https:\/\/toetra-photo.com\/wp-content\/uploads\/2020\/09\/TRJ_2657-1.jpg\" alt=\"\" class=\"displayed-image\"\/><\/div><div class=\"work-details\"><div class=\"worktype-categories\">Portrait<\/div><h4><a href=\"https:\/\/toetra-photo.com\/en\/project\/modeles\/\">Mod\u00e8les, Portraits \u2026<\/a><\/h4><\/div><\/div><div class=\"gridblock-element animation-standby-portfolio animated thumbnailFadeInUpSlow isotope-displayed gridblock-element-id-862 gridblock-element-order-43  gridblock-filterable filter-paysage\" data-portfolio=\"portfolio-862\" data-id=\"id-44\"><div class=\"gridblock-grid-element gridblock-element-inner\" data-portfolioid=\"862\"><div class=\"gridblock-background-hover\"><a class=\"gridblock-sole-link\" href=\"https:\/\/toetra-photo.com\/en\/project\/paysages-architectures\/\"><div class=\"gridblock-links-wrap box-title-\"><span class=\"column-gridblock-icon\"><span class=\"hover-icon-effect\"><i class=\"ion-ios-plus-empty\"><\/i><\/span><\/span><\/div><\/a><\/div><img decoding=\"async\" src=\"https:\/\/toetra-photo.com\/wp-content\/uploads\/2020\/08\/0032_Place-Garibaldi.jpg\" alt=\"\" class=\"displayed-image\"\/><\/div><div class=\"work-details\"><div class=\"worktype-categories\">Landscape<\/div><h4><a href=\"https:\/\/toetra-photo.com\/en\/project\/paysages-architectures\/\">Landscapes | Architectures<\/a><\/h4><\/div><\/div><div class=\"gridblock-element animation-standby-portfolio animated thumbnailFadeInUpSlow isotope-displayed gridblock-element-id-110 gridblock-element-order-44  gridblock-filterable filter-concert\" data-portfolio=\"portfolio-110\" data-id=\"id-45\"><div class=\"gridblock-grid-element gridblock-element-inner\" data-portfolioid=\"110\"><div class=\"gridblock-background-hover\"><a class=\"gridblock-sole-link\" href=\"https:\/\/toetra-photo.com\/en\/project\/fete-de-la-musique\/\"><div class=\"gridblock-links-wrap box-title-\"><span class=\"column-gridblock-icon\"><span class=\"hover-icon-effect\"><i class=\"ion-ios-plus-empty\"><\/i><\/span><\/span><\/div><\/a><\/div><img decoding=\"async\" src=\"https:\/\/toetra-photo.com\/wp-content\/uploads\/2020\/08\/0014_Fe\u0302te-de-la-musique-Nice.jpg\" alt=\"Photographe Professionnel \u00e0 Draguignan dans le Var\" class=\"displayed-image\"\/><\/div><div class=\"work-details\"><div class=\"worktype-categories\">Concert<\/div><h4><a href=\"https:\/\/toetra-photo.com\/en\/project\/fete-de-la-musique\/\">F\u00eate de la musique | Nice<\/a><\/h4><\/div><\/div><div class=\"gridblock-element animation-standby-portfolio animated thumbnailFadeInUpSlow isotope-displayed gridblock-element-id-1077 gridblock-element-order-45  gridblock-filterable filter-evenementiel\" data-portfolio=\"portfolio-1077\" data-id=\"id-46\"><div class=\"gridblock-grid-element gridblock-element-inner\" data-portfolioid=\"1077\"><div class=\"gridblock-background-hover\"><a class=\"gridblock-sole-link\" href=\"https:\/\/toetra-photo.com\/en\/project\/tantely-manou\/\"><div class=\"gridblock-links-wrap box-title-\"><span class=\"column-gridblock-icon\"><span class=\"hover-icon-effect\"><i class=\"ion-ios-plus-empty\"><\/i><\/span><\/span><\/div><\/a><\/div><img decoding=\"async\" src=\"https:\/\/toetra-photo.com\/wp-content\/uploads\/2020\/08\/0042_Tantely-Manou.jpg\" alt=\"\" class=\"displayed-image\"\/><\/div><div class=\"work-details\"><div class=\"worktype-categories\">Events<\/div><h4><a href=\"https:\/\/toetra-photo.com\/en\/project\/tantely-manou\/\">Tantely &amp; Manou<\/a><\/h4><\/div><\/div><div class=\"gridblock-element animation-standby-portfolio animated thumbnailFadeInUpSlow isotope-displayed gridblock-element-id-535 gridblock-element-order-46  gridblock-filterable filter-evenementiel\" data-portfolio=\"portfolio-535\" data-id=\"id-47\"><div class=\"gridblock-grid-element gridblock-element-inner\" data-portfolioid=\"535\"><div class=\"gridblock-background-hover\"><a class=\"gridblock-sole-link\" href=\"https:\/\/toetra-photo.com\/en\/project\/formule-1\/\"><div class=\"gridblock-links-wrap box-title-\"><span class=\"column-gridblock-icon\"><span class=\"hover-icon-effect\"><i class=\"ion-ios-plus-empty\"><\/i><\/span><\/span><\/div><\/a><\/div><img decoding=\"async\" src=\"https:\/\/toetra-photo.com\/wp-content\/uploads\/2020\/08\/0016_Show-Formule-1.jpg\" alt=\"\" class=\"displayed-image\"\/><\/div><div class=\"work-details\"><div class=\"worktype-categories\">Events<\/div><h4><a href=\"https:\/\/toetra-photo.com\/en\/project\/formule-1\/\">Formule 1 | Nice<\/a><\/h4><\/div><\/div><div class=\"gridblock-element animation-standby-portfolio animated thumbnailFadeInUpSlow isotope-displayed gridblock-element-id-315 gridblock-element-order-47  gridblock-filterable filter-concert\" data-portfolio=\"portfolio-315\" data-id=\"id-48\"><div class=\"gridblock-grid-element gridblock-element-inner\" data-portfolioid=\"315\"><div class=\"gridblock-background-hover\"><a class=\"gridblock-sole-link\" href=\"https:\/\/toetra-photo.com\/en\/project\/ambondrona-tour-2018-2019\/\"><div class=\"gridblock-links-wrap box-title-\"><span class=\"column-gridblock-icon\"><span class=\"hover-icon-effect\"><i class=\"ion-ios-plus-empty\"><\/i><\/span><\/span><\/div><\/a><\/div><img decoding=\"async\" src=\"https:\/\/toetra-photo.com\/wp-content\/uploads\/2020\/08\/0072_AmbondronA-Tour-2018-2019.jpg\" alt=\"\" class=\"displayed-image\"\/><\/div><div class=\"work-details\"><div class=\"worktype-categories\">Concert<\/div><h4><a href=\"https:\/\/toetra-photo.com\/en\/project\/ambondrona-tour-2018-2019\/\">AmbondronA | Tour 2018-2019<\/a><\/h4><\/div><\/div><div class=\"gridblock-element animation-standby-portfolio animated thumbnailFadeInUpSlow isotope-displayed gridblock-element-id-98 gridblock-element-order-48  gridblock-filterable filter-paysage\" data-portfolio=\"portfolio-98\" data-id=\"id-49\"><div class=\"gridblock-grid-element gridblock-element-inner\" data-portfolioid=\"98\"><div class=\"gridblock-background-hover\"><a class=\"gridblock-sole-link\" href=\"https:\/\/toetra-photo.com\/en\/project\/feux-dartifice-cannes\/\"><div class=\"gridblock-links-wrap box-title-\"><span class=\"column-gridblock-icon\"><span class=\"hover-icon-effect\"><i class=\"ion-ios-plus-empty\"><\/i><\/span><\/span><\/div><\/a><\/div><img decoding=\"async\" src=\"https:\/\/toetra-photo.com\/wp-content\/uploads\/2020\/08\/0004_Feu-dartifice-Cannes.jpg\" alt=\"\" class=\"displayed-image\"\/><\/div><div class=\"work-details\"><div class=\"worktype-categories\">Landscape<\/div><h4><a href=\"https:\/\/toetra-photo.com\/en\/project\/feux-dartifice-cannes\/\">Feux d\u2019artifices | Cannes<\/a><\/h4><\/div><\/div><div class=\"gridblock-element animation-standby-portfolio animated thumbnailFadeInUpSlow isotope-displayed gridblock-element-id-1047 gridblock-element-order-49  gridblock-filterable filter-sport\" data-portfolio=\"portfolio-1047\" data-id=\"id-50\"><div class=\"gridblock-grid-element gridblock-element-inner\" data-portfolioid=\"1047\"><div class=\"gridblock-background-hover\"><a class=\"gridblock-sole-link\" href=\"https:\/\/toetra-photo.com\/en\/project\/sport-auto-mada\/\"><div class=\"gridblock-links-wrap box-title-\"><span class=\"column-gridblock-icon\"><span class=\"hover-icon-effect\"><i class=\"ion-ios-plus-empty\"><\/i><\/span><\/span><\/div><\/a><\/div><img decoding=\"async\" src=\"https:\/\/toetra-photo.com\/wp-content\/uploads\/2020\/08\/0002_Rallye-Mada.jpg\" alt=\"\" class=\"displayed-image\"\/><\/div><div class=\"work-details\"><div class=\"worktype-categories\">Sport<\/div><h4><a href=\"https:\/\/toetra-photo.com\/en\/project\/sport-auto-mada\/\">Sport auto | Mada<\/a><\/h4><\/div><\/div><div class=\"gridblock-element animation-standby-portfolio animated thumbnailFadeInUpSlow isotope-displayed gridblock-element-id-934 gridblock-element-order-50  gridblock-filterable filter-concert\" data-portfolio=\"portfolio-934\" data-id=\"id-51\"><div class=\"gridblock-grid-element gridblock-element-inner\" data-portfolioid=\"934\"><div class=\"gridblock-background-hover\"><a class=\"gridblock-sole-link\" href=\"https:\/\/toetra-photo.com\/en\/project\/raboussa-rap-mandrakizay\/\"><div class=\"gridblock-links-wrap box-title-\"><span class=\"column-gridblock-icon\"><span class=\"hover-icon-effect\"><i class=\"ion-ios-plus-empty\"><\/i><\/span><\/span><\/div><\/a><\/div><img decoding=\"async\" src=\"https:\/\/toetra-photo.com\/wp-content\/uploads\/2020\/08\/0059_Raboussa-.jpg\" alt=\"\" class=\"displayed-image\"\/><\/div><div class=\"work-details\"><div class=\"worktype-categories\">Concert<\/div><h4><a href=\"https:\/\/toetra-photo.com\/en\/project\/raboussa-rap-mandrakizay\/\">Raboussa | Rap mandrakizay<\/a><\/h4><\/div><\/div><div class=\"gridblock-element animation-standby-portfolio animated thumbnailFadeInUpSlow isotope-displayed gridblock-element-id-902 gridblock-element-order-51  gridblock-filterable filter-corporate\" data-portfolio=\"portfolio-902\" data-id=\"id-52\"><div class=\"gridblock-grid-element gridblock-element-inner\" data-portfolioid=\"902\"><div class=\"gridblock-background-hover\"><a class=\"gridblock-sole-link\" href=\"https:\/\/toetra-photo.com\/en\/project\/het-pleintje-brasserie\/\"><div class=\"gridblock-links-wrap box-title-\"><span class=\"column-gridblock-icon\"><span class=\"hover-icon-effect\"><i class=\"ion-ios-plus-empty\"><\/i><\/span><\/span><\/div><\/a><\/div><img decoding=\"async\" src=\"https:\/\/toetra-photo.com\/wp-content\/uploads\/2020\/08\/0017_Pleintje.jpg\" alt=\"\" class=\"displayed-image\"\/><\/div><div class=\"work-details\"><div class=\"worktype-categories\">Corporate<\/div><h4><a href=\"https:\/\/toetra-photo.com\/en\/project\/het-pleintje-brasserie\/\">Het PLEINTJE | Brasserie<\/a><\/h4><\/div><\/div><div class=\"gridblock-element animation-standby-portfolio animated thumbnailFadeInUpSlow isotope-displayed gridblock-element-id-499 gridblock-element-order-52  gridblock-filterable filter-concert\" data-portfolio=\"portfolio-499\" data-id=\"id-53\"><div class=\"gridblock-grid-element gridblock-element-inner\" data-portfolioid=\"499\"><div class=\"gridblock-background-hover\"><a class=\"gridblock-sole-link\" href=\"https:\/\/toetra-photo.com\/en\/project\/tovo-jhay-angolanao\/\"><div class=\"gridblock-links-wrap box-title-\"><span class=\"column-gridblock-icon\"><span class=\"hover-icon-effect\"><i class=\"ion-ios-plus-empty\"><\/i><\/span><\/span><\/div><\/a><\/div><img decoding=\"async\" src=\"https:\/\/toetra-photo.com\/wp-content\/uploads\/2020\/08\/0011_Tovo-JHay-Angolanao.jpg\" alt=\"\" class=\"displayed-image\"\/><\/div><div class=\"work-details\"><div class=\"worktype-categories\">Concert<\/div><h4><a href=\"https:\/\/toetra-photo.com\/en\/project\/tovo-jhay-angolanao\/\">Tovo J\u2019Hay | Angolanao<\/a><\/h4><\/div><\/div><div class=\"gridblock-element animation-standby-portfolio animated thumbnailFadeInUpSlow isotope-displayed gridblock-element-id-501 gridblock-element-order-53  gridblock-filterable filter-evenementiel\" data-portfolio=\"portfolio-501\" data-id=\"id-54\"><div class=\"gridblock-grid-element gridblock-element-inner\" data-portfolioid=\"501\"><div class=\"gridblock-background-hover\"><a class=\"gridblock-sole-link\" href=\"https:\/\/toetra-photo.com\/en\/project\/feux-dartifices-madagascar\/\"><div class=\"gridblock-links-wrap box-title-\"><span class=\"column-gridblock-icon\"><span class=\"hover-icon-effect\"><i class=\"ion-ios-plus-empty\"><\/i><\/span><\/span><\/div><\/a><\/div><img decoding=\"async\" src=\"https:\/\/toetra-photo.com\/wp-content\/uploads\/2020\/08\/0004_Feux-dartifices-Mada-.jpg\" alt=\"\" class=\"displayed-image\"\/><\/div><div class=\"work-details\"><div class=\"worktype-categories\">Events<\/div><h4><a href=\"https:\/\/toetra-photo.com\/en\/project\/feux-dartifices-madagascar\/\">Feux d\u2019artifices | Madagascar<\/a><\/h4><\/div><\/div><\/div><\/div>\n<div class=\"animation-standby animated zoomIn\">\n<p><h3 style=\"text-align: center;\"><strong>Magical collaborations :<\/strong><\/h3>\n<p style=\"text-align: center;\">Nous croyons en l&rsquo;importance de cr\u00e9er une exp\u00e9rience de mariage exceptionnelle. C&rsquo;est pourquoi nous collaborons avec des prestataires de mariage de renom en Provence, des fleuristes talentueux aux planificateurs d&rsquo;\u00e9v\u00e9nements chevronn\u00e9s, pour transformer chaque mariage en un \u00e9v\u00e9nement inoubliable. Notre galerie photo refl\u00e8te l&rsquo;harmonie parfaite entre des professionnels de mariage d\u00e9vou\u00e9s, garantissant que chaque moment est m\u00e9morable.<\/p>\n<h3 style=\"text-align: center;\"><strong>L&rsquo;Art de la Provence :<\/strong><\/h3>\n<p style=\"text-align: center;\">La Provence, avec son charme pittoresque, ses vignobles en terrasses et ses champs de lavande, cr\u00e9e un cadre idyllique pour des mariages inoubliables. Chaque image de notre galerie capture la beaut\u00e9 naturelle de la Provence tout en mettant en valeur l&rsquo;amour et la complicit\u00e9 de nos couples. Chaque instant est saisi avec authenticit\u00e9, \u00e9motion et une touche d&rsquo;\u00e9l\u00e9gance, cr\u00e9ant un r\u00e9cit visuel inoubliable.<\/p>\n<p style=\"text-align: center;\">En tant que photographe de mariage en Provence, je m&rsquo;engage \u00e0 capturer chaque moment sp\u00e9cial de votre journ\u00e9e. En collaboration avec les prestataires de mariage les plus talentueux de la r\u00e9gion. Explorez notre galerie photo pour vous inspirer. Imaginez comment nous pourrions transformer votre mariage en une aventure visuelle exceptionnelle dans la magnifique r\u00e9gion de la Provence. Contactez-nous pour discuter de la mani\u00e8re dont nous pouvons personnaliser nos services pour que votre mariage devienne une histoire d&rsquo;amour.<\/p>\n<\/p>\n<\/div>\n<div class=\"button-shortcode button-shortcode-69ef8509cb185\" style=\"text-align:center;\"><a href=\"https:\/\/toetra-photo.com\/en\/contactez-moi\/\" _self><div style=\"border-color: #be1e2d; color: #be1e2d;\" data-backgroundafter=\"#be1e2d\" data-buttonid=\"69ef8509cb185\"  class=\"mtheme-button button-has-a-color\"><span class=\"button-icon\"><i class=\"fa fa-calendar\"><\/i><\/span>CONTACT US<\/div><\/a><\/div>\n<div class=\"gridblock-filter-select-wrap\"><div id=\"gridblock-filter-links\"><ul class=\"gridblock-filter-categories\"> <li><a  class=\"is-active\" href=\"https:\/\/www.mariagepresta.fr\/acteur\/1124\">Mariage Presta<\/a><\/li> <\/ul><\/div>\n<div class=\"gridblock-filter-select-wrap\"><div id=\"gridblock-filter-links\"><ul class=\"gridblock-filter-categories\"> <li><a  class=\"is-active\" href=\"https:\/\/www.missionphotographe.com\/draguignan\/photographe\/165\">Mission Photographe<\/a><\/li> <\/ul><\/div>\n<div class=\"gridblock-filter-select-wrap\"><div id=\"gridblock-filter-links\"><ul class=\"gridblock-filter-categories\"> <li><a  class=\"is-active\" href=\"https:\/\/www.mariages.net\/photo-mariage\/toetra-raly-john--e175587\">Mariages.net<\/a><\/li> <\/ul><\/div>","protected":false},"excerpt":{"rendered":"<p>Photographe de mariage en Provence En tant que photographe de mariage en Provence, je suis honor\u00e9 de travailler aux c\u00f4t\u00e9s de prestataires de mariage exceptionnels pour cr\u00e9er des souvenirs inoubliables pour nos couples. D\u00e9couvrez nos reportages de mariage en Provence : une c\u00e9l\u00e9bration de l&rsquo;amour captur\u00e9e dans toute sa splendeur. Ma Galerie photo o\u00f9 l&rsquo;art de la photographie rencontre le r\u00e9cit visuel. Mes photos de reportages mariages vous transportent au c\u0153ur des moments m\u00e9morables, capturant l&rsquo;essence de chaque histoire avec [&hellip;]<\/p>","protected":false},"author":1,"featured_media":6592,"parent":0,"menu_order":0,"comment_status":"closed","ping_status":"closed","template":"","meta":{"footnotes":""},"class_list":["post-93","page","type-page","status-publish","has-post-thumbnail","hentry"],"yoast_head":"<!-- This site is optimized with the Yoast SEO plugin v26.8 - https:\/\/yoast.com\/product\/yoast-seo-wordpress\/ -->\n<title>Photographe de Mariage Provence | GALERIES Photos de mariages<\/title>\n<meta name=\"description\" content=\"Photographe de mariage Provence, mes photos vous transportent au c\u0153ur des moments m\u00e9morables de chaque histoire avec des clich\u00e9s saisissants\" \/>\n<meta name=\"robots\" content=\"index, follow, max-snippet:-1, max-image-preview:large, max-video-preview:-1\" \/>\n<link rel=\"canonical\" href=\"https:\/\/toetra-photo.com\/en\/galeries-mariage\/\" \/>\n<meta property=\"og:locale\" content=\"en_US\" \/>\n<meta property=\"og:type\" content=\"article\" \/>\n<meta property=\"og:title\" content=\"Photographe de mariage Provence\" \/>\n<meta property=\"og:description\" content=\"Photographe de mariage Provence, mes photos vous transporteront au c\u0153ur des moments m\u00e9morables de chaque histoire avec des clich\u00e9s saisissants\" \/>\n<meta property=\"og:url\" content=\"https:\/\/toetra-photo.com\/en\/galeries-mariage\/\" \/>\n<meta property=\"og:site_name\" content=\"Photographe de mariage et de famille\" \/>\n<meta property=\"article:publisher\" content=\"https:\/\/www.facebook.com\/ToetraPhoto\" \/>\n<meta property=\"article:modified_time\" content=\"2025-09-28T16:26:36+00:00\" \/>\n<meta property=\"og:image\" content=\"https:\/\/toetra-photo.com\/wp-content\/uploads\/2023\/09\/0778-e1698617105618.jpg\" \/>\n\t<meta property=\"og:image:width\" content=\"1699\" \/>\n\t<meta property=\"og:image:height\" content=\"1280\" \/>\n\t<meta property=\"og:image:type\" content=\"image\/jpeg\" \/>\n<meta name=\"twitter:card\" content=\"summary_large_image\" \/>\n<meta name=\"twitter:label1\" content=\"Est. reading time\" \/>\n\t<meta name=\"twitter:data1\" content=\"3 minutes\" \/>\n<script type=\"application\/ld+json\" class=\"yoast-schema-graph\">{\"@context\":\"https:\/\/schema.org\",\"@graph\":[{\"@type\":\"Article\",\"@id\":\"https:\/\/toetra-photo.com\/galeries-mariage\/#article\",\"isPartOf\":{\"@id\":\"https:\/\/toetra-photo.com\/galeries-mariage\/\"},\"author\":{\"name\":\"toetrafi@gmail.com\",\"@id\":\"https:\/\/toetra-photo.com\/#\/schema\/person\/8ba2914e31cec244905f12e9c1fe3e3f\"},\"headline\":\"GALERIES\",\"datePublished\":\"2020-08-25T11:24:53+00:00\",\"dateModified\":\"2025-09-28T16:26:36+00:00\",\"mainEntityOfPage\":{\"@id\":\"https:\/\/toetra-photo.com\/galeries-mariage\/\"},\"wordCount\":506,\"publisher\":{\"@id\":\"https:\/\/toetra-photo.com\/#\/schema\/person\/8ba2914e31cec244905f12e9c1fe3e3f\"},\"image\":{\"@id\":\"https:\/\/toetra-photo.com\/galeries-mariage\/#primaryimage\"},\"thumbnailUrl\":\"https:\/\/toetra-photo.com\/wp-content\/uploads\/2023\/09\/0778-e1698617105618.jpg\",\"inLanguage\":\"en-US\"},{\"@type\":\"WebPage\",\"@id\":\"https:\/\/toetra-photo.com\/galeries-mariage\/\",\"url\":\"https:\/\/toetra-photo.com\/galeries-mariage\/\",\"name\":\"Photographe de Mariage Provence | GALERIES Photos de mariages\",\"isPartOf\":{\"@id\":\"https:\/\/toetra-photo.com\/#website\"},\"primaryImageOfPage\":{\"@id\":\"https:\/\/toetra-photo.com\/galeries-mariage\/#primaryimage\"},\"image\":{\"@id\":\"https:\/\/toetra-photo.com\/galeries-mariage\/#primaryimage\"},\"thumbnailUrl\":\"https:\/\/toetra-photo.com\/wp-content\/uploads\/2023\/09\/0778-e1698617105618.jpg\",\"datePublished\":\"2020-08-25T11:24:53+00:00\",\"dateModified\":\"2025-09-28T16:26:36+00:00\",\"description\":\"Photographe de mariage Provence, mes photos vous transportent au c\u0153ur des moments m\u00e9morables de chaque histoire avec des clich\u00e9s saisissants\",\"breadcrumb\":{\"@id\":\"https:\/\/toetra-photo.com\/galeries-mariage\/#breadcrumb\"},\"inLanguage\":\"en-US\",\"potentialAction\":[{\"@type\":\"ReadAction\",\"target\":[\"https:\/\/toetra-photo.com\/galeries-mariage\/\"]}]},{\"@type\":\"ImageObject\",\"inLanguage\":\"en-US\",\"@id\":\"https:\/\/toetra-photo.com\/galeries-mariage\/#primaryimage\",\"url\":\"https:\/\/toetra-photo.com\/wp-content\/uploads\/2023\/09\/0778-e1698617105618.jpg\",\"contentUrl\":\"https:\/\/toetra-photo.com\/wp-content\/uploads\/2023\/09\/0778-e1698617105618.jpg\",\"width\":1699,\"height\":1280,\"caption\":\"Mariage de Anna et Joel\"},{\"@type\":\"BreadcrumbList\",\"@id\":\"https:\/\/toetra-photo.com\/galeries-mariage\/#breadcrumb\",\"itemListElement\":[{\"@type\":\"ListItem\",\"position\":1,\"name\":\"Accueil\",\"item\":\"https:\/\/toetra-photo.com\/\"},{\"@type\":\"ListItem\",\"position\":2,\"name\":\"GALERIES\"}]},{\"@type\":\"WebSite\",\"@id\":\"https:\/\/toetra-photo.com\/#website\",\"url\":\"https:\/\/toetra-photo.com\/\",\"name\":\"Photographe Draguignan Var 83\",\"description\":\"Je vous cr\u00e9e des souvenirs authentiques et intemporels. Contactez-moi pour des prestations personnalis\u00e9es\",\"publisher\":{\"@id\":\"https:\/\/toetra-photo.com\/#\/schema\/person\/8ba2914e31cec244905f12e9c1fe3e3f\"},\"alternateName\":\"Photographe de mariage\",\"potentialAction\":[{\"@type\":\"SearchAction\",\"target\":{\"@type\":\"EntryPoint\",\"urlTemplate\":\"https:\/\/toetra-photo.com\/?s={search_term_string}\"},\"query-input\":{\"@type\":\"PropertyValueSpecification\",\"valueRequired\":true,\"valueName\":\"search_term_string\"}}],\"inLanguage\":\"en-US\"},{\"@type\":[\"Person\",\"Organization\"],\"@id\":\"https:\/\/toetra-photo.com\/#\/schema\/person\/8ba2914e31cec244905f12e9c1fe3e3f\",\"name\":\"toetrafi@gmail.com\",\"image\":{\"@type\":\"ImageObject\",\"inLanguage\":\"en-US\",\"@id\":\"https:\/\/toetra-photo.com\/#\/schema\/person\/image\/\",\"url\":\"https:\/\/toetra-photo.com\/wp-content\/uploads\/2023\/01\/Logo-Toetra-Raly-John-noir.png\",\"contentUrl\":\"https:\/\/toetra-photo.com\/wp-content\/uploads\/2023\/01\/Logo-Toetra-Raly-John-noir.png\",\"width\":475,\"height\":136,\"caption\":\"toetrafi@gmail.com\"},\"logo\":{\"@id\":\"https:\/\/toetra-photo.com\/#\/schema\/person\/image\/\"},\"sameAs\":[\"https:\/\/toetra-photo.com\",\"https:\/\/www.facebook.com\/ToetraPhoto\",\"https:\/\/www.instagram.com\/toetra_raly_john\"]}]}<\/script>\n<!-- \/ Yoast SEO plugin. -->","yoast_head_json":{"title":"Photographe de Mariage Provence | GALERIES Photos de mariages","description":"Photographe de mariage Provence, mes photos vous transportent au c\u0153ur des moments m\u00e9morables de chaque histoire avec des clich\u00e9s saisissants","robots":{"index":"index","follow":"follow","max-snippet":"max-snippet:-1","max-image-preview":"max-image-preview:large","max-video-preview":"max-video-preview:-1"},"canonical":"https:\/\/toetra-photo.com\/en\/galeries-mariage\/","og_locale":"en_US","og_type":"article","og_title":"Photographe de mariage Provence","og_description":"Photographe de mariage Provence, mes photos vous transporteront au c\u0153ur des moments m\u00e9morables de chaque histoire avec des clich\u00e9s saisissants","og_url":"https:\/\/toetra-photo.com\/en\/galeries-mariage\/","og_site_name":"Photographe de mariage et de famille","article_publisher":"https:\/\/www.facebook.com\/ToetraPhoto","article_modified_time":"2025-09-28T16:26:36+00:00","og_image":[{"width":1699,"height":1280,"url":"https:\/\/toetra-photo.com\/wp-content\/uploads\/2023\/09\/0778-e1698617105618.jpg","type":"image\/jpeg"}],"twitter_card":"summary_large_image","twitter_misc":{"Est. reading time":"3 minutes"},"schema":{"@context":"https:\/\/schema.org","@graph":[{"@type":"Article","@id":"https:\/\/toetra-photo.com\/galeries-mariage\/#article","isPartOf":{"@id":"https:\/\/toetra-photo.com\/galeries-mariage\/"},"author":{"name":"toetrafi@gmail.com","@id":"https:\/\/toetra-photo.com\/#\/schema\/person\/8ba2914e31cec244905f12e9c1fe3e3f"},"headline":"GALERIES","datePublished":"2020-08-25T11:24:53+00:00","dateModified":"2025-09-28T16:26:36+00:00","mainEntityOfPage":{"@id":"https:\/\/toetra-photo.com\/galeries-mariage\/"},"wordCount":506,"publisher":{"@id":"https:\/\/toetra-photo.com\/#\/schema\/person\/8ba2914e31cec244905f12e9c1fe3e3f"},"image":{"@id":"https:\/\/toetra-photo.com\/galeries-mariage\/#primaryimage"},"thumbnailUrl":"https:\/\/toetra-photo.com\/wp-content\/uploads\/2023\/09\/0778-e1698617105618.jpg","inLanguage":"en-US"},{"@type":"WebPage","@id":"https:\/\/toetra-photo.com\/galeries-mariage\/","url":"https:\/\/toetra-photo.com\/galeries-mariage\/","name":"Photographe de Mariage Provence | GALERIES Photos de mariages","isPartOf":{"@id":"https:\/\/toetra-photo.com\/#website"},"primaryImageOfPage":{"@id":"https:\/\/toetra-photo.com\/galeries-mariage\/#primaryimage"},"image":{"@id":"https:\/\/toetra-photo.com\/galeries-mariage\/#primaryimage"},"thumbnailUrl":"https:\/\/toetra-photo.com\/wp-content\/uploads\/2023\/09\/0778-e1698617105618.jpg","datePublished":"2020-08-25T11:24:53+00:00","dateModified":"2025-09-28T16:26:36+00:00","description":"Photographe de mariage Provence, mes photos vous transportent au c\u0153ur des moments m\u00e9morables de chaque histoire avec des clich\u00e9s saisissants","breadcrumb":{"@id":"https:\/\/toetra-photo.com\/galeries-mariage\/#breadcrumb"},"inLanguage":"en-US","potentialAction":[{"@type":"ReadAction","target":["https:\/\/toetra-photo.com\/galeries-mariage\/"]}]},{"@type":"ImageObject","inLanguage":"en-US","@id":"https:\/\/toetra-photo.com\/galeries-mariage\/#primaryimage","url":"https:\/\/toetra-photo.com\/wp-content\/uploads\/2023\/09\/0778-e1698617105618.jpg","contentUrl":"https:\/\/toetra-photo.com\/wp-content\/uploads\/2023\/09\/0778-e1698617105618.jpg","width":1699,"height":1280,"caption":"Mariage de Anna et Joel"},{"@type":"BreadcrumbList","@id":"https:\/\/toetra-photo.com\/galeries-mariage\/#breadcrumb","itemListElement":[{"@type":"ListItem","position":1,"name":"Accueil","item":"https:\/\/toetra-photo.com\/"},{"@type":"ListItem","position":2,"name":"GALERIES"}]},{"@type":"WebSite","@id":"https:\/\/toetra-photo.com\/#website","url":"https:\/\/toetra-photo.com\/","name":"Photographe Draguignan Var 83","description":"Je vous cr\u00e9e des souvenirs authentiques et intemporels. Contactez-moi pour des prestations personnalis\u00e9es","publisher":{"@id":"https:\/\/toetra-photo.com\/#\/schema\/person\/8ba2914e31cec244905f12e9c1fe3e3f"},"alternateName":"Photographe de mariage","potentialAction":[{"@type":"SearchAction","target":{"@type":"EntryPoint","urlTemplate":"https:\/\/toetra-photo.com\/?s={search_term_string}"},"query-input":{"@type":"PropertyValueSpecification","valueRequired":true,"valueName":"search_term_string"}}],"inLanguage":"en-US"},{"@type":["Person","Organization"],"@id":"https:\/\/toetra-photo.com\/#\/schema\/person\/8ba2914e31cec244905f12e9c1fe3e3f","name":"toetrafi@gmail.com","image":{"@type":"ImageObject","inLanguage":"en-US","@id":"https:\/\/toetra-photo.com\/#\/schema\/person\/image\/","url":"https:\/\/toetra-photo.com\/wp-content\/uploads\/2023\/01\/Logo-Toetra-Raly-John-noir.png","contentUrl":"https:\/\/toetra-photo.com\/wp-content\/uploads\/2023\/01\/Logo-Toetra-Raly-John-noir.png","width":475,"height":136,"caption":"toetrafi@gmail.com"},"logo":{"@id":"https:\/\/toetra-photo.com\/#\/schema\/person\/image\/"},"sameAs":["https:\/\/toetra-photo.com","https:\/\/www.facebook.com\/ToetraPhoto","https:\/\/www.instagram.com\/toetra_raly_john"]}]}},"_links":{"self":[{"href":"https:\/\/toetra-photo.com\/en\/wp-json\/wp\/v2\/pages\/93","targetHints":{"allow":["GET"]}}],"collection":[{"href":"https:\/\/toetra-photo.com\/en\/wp-json\/wp\/v2\/pages"}],"about":[{"href":"https:\/\/toetra-photo.com\/en\/wp-json\/wp\/v2\/types\/page"}],"author":[{"embeddable":true,"href":"https:\/\/toetra-photo.com\/en\/wp-json\/wp\/v2\/users\/1"}],"replies":[{"embeddable":true,"href":"https:\/\/toetra-photo.com\/en\/wp-json\/wp\/v2\/comments?post=93"}],"version-history":[{"count":66,"href":"https:\/\/toetra-photo.com\/en\/wp-json\/wp\/v2\/pages\/93\/revisions"}],"predecessor-version":[{"id":7882,"href":"https:\/\/toetra-photo.com\/en\/wp-json\/wp\/v2\/pages\/93\/revisions\/7882"}],"wp:featuredmedia":[{"embeddable":true,"href":"https:\/\/toetra-photo.com\/en\/wp-json\/wp\/v2\/media\/6592"}],"wp:attachment":[{"href":"https:\/\/toetra-photo.com\/en\/wp-json\/wp\/v2\/media?parent=93"}],"curies":[{"name":"wp","href":"https:\/\/api.w.org\/{rel}","templated":true}]}}