{"id":5087,"date":"2023-02-12T00:20:28","date_gmt":"2023-02-11T22:20:28","guid":{"rendered":"https:\/\/toetra-photo.com\/?page_id=5087"},"modified":"2023-02-12T00:26:55","modified_gmt":"2023-02-11T22:26:55","slug":"mentions-legales","status":"publish","type":"page","link":"https:\/\/toetra-photo.com\/en\/mentions-legales\/","title":{"rendered":"Legal information"},"content":{"rendered":"<h2>Legal information<\/h2>\n<h3><span id=\"lwptoc20\">1 - Site editing<\/span><\/h3>\n<p>In accordance with\u00a0<a href=\"https:\/\/www.legifrance.gouv.fr\/affichTexte.do?cidTexte=JORFTEXT000000801164#LEGIARTI000042038977\" target=\"_blank\" rel=\"noreferrer noopener\">Article 6 of law no. 2004-575 of 21 June 2004<\/a>\u00a0for confidence in the digital economy, users of the website are hereby informed that\u00a0<strong><span class=\"ff_dynamic_value\" data-ref=\"url\" data-fallback=\"\">https:\/\/toetra-photo.com<\/span><\/strong>\u00a0the identity of the various parties involved in its implementation and monitoring:<\/p>\n<p><strong>Site owner :\u00a0<\/strong><span class=\"ff_dynamic_value\" data-ref=\"nom_proprietaire\" data-fallback=\"\">Toetra RALY JOHN Photographer<\/span>\u00a0- Contact :\u00a0<span class=\"ff_dynamic_value\" data-ref=\"e_mail_contact\" data-fallback=\"\">contact@toetra-photo.com<\/span>\u00a0<span class=\"ff_dynamic_value\" data-ref=\"telephone\" data-fallback=\"\">+33 6 23 83 95 24<\/span>\u00a0\u2013 Adress :\u00a0<span class=\"ff_dynamic_value\" data-ref=\"adresse_postale\" data-fallback=\"\">12 rue Georges Cisson 83300 Draguignan<\/span>.<\/p>\n<p><strong>Company identification :<\/strong>\u00a0<span class=\"ff_dynamic_value\" data-ref=\"nom_proprietaire\" data-fallback=\"\">Toetra RALY JOHN Photographer<\/span>\u00a0 \u2013 SIREN : <span class=\"ff_dynamic_value\" data-ref=\"siren\" data-fallback=\"\">948294061<\/span>\u00a0\u2013 RCS ou RM :\u00a0<span class=\"ff_dynamic_value\" data-ref=\"rcs\" data-fallback=\"\">94829406100015<\/span>\u00a0- Postal address:\u00a0<span class=\"ff_dynamic_value\" data-ref=\"adresse_postale\" data-fallback=\"\">12 rue Georges Cisson 83300 Draguignan<\/span>\u00a0&#8211;\u00a0<span class=\"ff_dynamic_value\" data-ref=\"cgv\" data-fallback=\"\">https:\/\/toetra-photo.com\/cgv\/<\/span><\/p>\n<p><strong>Director of publication :\u00a0<\/strong>Toetra RALY JOHN<\/p>\n<p><strong>Hosted by :<\/strong>\u00a0<span class=\"ff_dynamic_value\" data-ref=\"hebergeur\" data-fallback=\"\">PlanetHoster 4416 Louis-B.-Mayer Laval, Qu\u00e9bec Canada H7P 0G1 \u2013 T\u00e9l\u00e9phone : +1 855-774-4678<\/span><\/p>\n<p><strong>Data Protection Officer :\u00a0<\/strong><span class=\"ff_dynamic_value\" data-ref=\"dpo\" data-fallback=\"\">Toetra RALY JOHN<\/span>\u00a0&#8211;\u00a0<span class=\"ff_dynamic_value\" data-ref=\"contact_dpo\" data-fallback=\"\">toetrafi@gmail.com<\/span><\/p>\n<hr class=\"wp-block-separator\" \/>\n<h3><span id=\"lwptoc21\">2 - Intellectual property and counterfeiting.<\/span><\/h3>\n<p><strong><span class=\"ff_dynamic_value\" data-ref=\"nom_proprietaire\" data-fallback=\"\">Toetra RALY JOHN Photographer<\/span><\/strong>\u00a0is the owner of the intellectual property rights and holds the rights of use on all the elements accessible on the website, in particular the texts, images, graphics, logos, videos, architecture, icons and sounds.<\/p>\n<p>Any reproduction, representation, modification, publication, adaptation of all or part of the elements of the site, whatever the means or process used, is prohibited, except with the prior written permission of\u00a0<strong><span class=\"ff_dynamic_value\" data-ref=\"nom_proprietaire\" data-fallback=\"\">Toetra RALY JOHN Photographer<\/span><\/strong>.<\/p>\n<p>Any unauthorised use of the site or of any of the elements it contains will be considered to constitute an infringement and will be prosecuted in accordance with the provisions of articles\u00a0<a href=\"https:\/\/www.legifrance.gouv.fr\/affichCodeArticle.do?idArticle=LEGIARTI000032655082&amp;cidTexte=LEGITEXT000006069414&amp;dateTexte=20160605\" target=\"_blank\" rel=\"noreferrer nofollow noopener\">L.335-2 et seq. of the French Intellectual Property Code<\/a>.<\/p>\n<hr class=\"wp-block-separator\" \/>\n<h3><span id=\"lwptoc22\">3 - Limitations of liability.<\/span><\/h3>\n<p><strong><span class=\"ff_dynamic_value\" data-ref=\"nom_proprietaire\" data-fallback=\"\">Toetra RALY JOHN Photographer<\/span><\/strong>\u00a0cannot be held responsible for any direct or indirect damage caused to the user's equipment when accessing the site.\u00a0<strong><span class=\"ff_dynamic_value\" data-ref=\"url\" data-fallback=\"\">https:\/\/toetra-photo.com<\/span><\/strong>.<\/p>\n<p><strong><span class=\"ff_dynamic_value\" data-ref=\"nom_proprietaire\" data-fallback=\"\">Toetra RALY JOHN Photographer<\/span><\/strong>\u00a0declines all responsibility for any use that may be made of the information and content present on\u00a0<strong><span class=\"ff_dynamic_value\" data-ref=\"url\" data-fallback=\"\">https:\/\/toetra-photo.com<\/span><\/strong>.<\/p>\n<p><strong><span class=\"ff_dynamic_value\" data-ref=\"nom_proprietaire\" data-fallback=\"\">Toetra RALY JOHN Photographer<\/span><\/strong>\u00a0undertakes to make the site as safe as possible\u00a0<strong><span class=\"ff_dynamic_value\" data-ref=\"url\" data-fallback=\"\">https:\/\/toetra-photo.com<\/span><\/strong>However, it cannot be held liable if unwanted data is imported and installed on its site without its knowledge.<\/p>\n<p>Des espaces interactifs (espace contact ou commentaires) sont \u00e0 la disposition des utilisateurs.\u00a0<strong><span class=\"ff_dynamic_value\" data-ref=\"nom_proprietaire\" data-fallback=\"\">Toetra RALY JOHN Photographer<\/span><\/strong>\u00a0reserves the right to delete, without prior notice, any content posted in this space that contravenes the legislation applicable in France, in particular the provisions relating to data protection.<\/p>\n<p>Where applicable,\u00a0<strong><span class=\"ff_dynamic_value\" data-ref=\"nom_proprietaire\" data-fallback=\"\">Toetra RALY JOHN Photographer<\/span><\/strong>\u00a0also reserves the right to hold the user civilly and\/or criminally liable, particularly in the event of messages of a racist, insulting, defamatory or pornographic nature, whatever the medium used (text, photographs, etc.).<\/p>\n<hr class=\"wp-block-separator\" \/>\n<h3><span id=\"lwptoc23\">4 - CNIL and personal data management.<\/span><\/h3>\n<p>In accordance with the provisions of\u00a0<a href=\"https:\/\/www.legifrance.gouv.fr\/affichTexte.do?cidTexte=JORFTEXT000000886460\" target=\"_blank\" rel=\"noreferrer nofollow noopener\">Act 78-17 of 6 January 1978 as amended<\/a>the user of the site\u00a0<strong><span class=\"ff_dynamic_value\" data-ref=\"url\" data-fallback=\"\">https:\/\/toetra-photo.com<\/span><\/strong>\u00a0has the right to access, modify and delete the information collected. To exercise this right, send a message to our Data Protection Officer :\u00a0<strong><span class=\"ff_dynamic_value\" data-ref=\"dpo\" data-fallback=\"\">Toetra RALY JOHN<\/span><\/strong>\u00a0&#8211;\u00a0<strong><span class=\"ff_dynamic_value\" data-ref=\"contact_dpo\" data-fallback=\"\">toetrafi@gmail.com<\/span><\/strong>.<\/p>\n<p>For more information on how we process your data (type of data, purpose, recipient, etc.), please read our\u00a0<strong><span class=\"ff_dynamic_value\" data-ref=\"politique_confidentialite\" data-fallback=\"\">https:\/\/toetra-photo.com\/politique-de-confidentialite\/<\/span><\/strong><\/p>\n<hr class=\"wp-block-separator\" \/>\n<h3><span id=\"lwptoc24\">5 - Hypertext links and cookies<\/span><\/h3>\n<p>The website\u00a0<strong><span class=\"ff_dynamic_value\" data-ref=\"url\" data-fallback=\"\">https:\/\/toetra-photo.com<\/span><\/strong>\u00a0contains hypertext links to other sites and accepts no responsibility for these external links or for links created by other sites to\u00a0<strong><span class=\"ff_dynamic_value\" data-ref=\"url\" data-fallback=\"\">https:\/\/toetra-photo.com<\/span><\/strong>.<\/p>\n<p>Browsing the site\u00a0<strong><span class=\"ff_dynamic_value\" data-ref=\"url\" data-fallback=\"\">https:\/\/toetra-photo.com<\/span><\/strong>\u00a0may cause cookies to be installed on the user's computer.<\/p>\n<p>A \"cookie\" is a small file that records information about a user's browsing on a site. The data obtained in this way can be used to measure visitor numbers, for example.<\/p>\n<p>You can\u00a0<strong>accept or refuse cookies<\/strong>\u00a0by changing your browser settings. No cookies will be deposited without your consent.<\/p>\n<p>Cookies are stored for a maximum of\u00a0<span class=\"ff_dynamic_value\" data-ref=\"cookies\" data-fallback=\"\">6<\/span>\u00a0mois.<\/p>\n<p>Pour plus d&rsquo;informations sur la fa\u00e7on dont nous faisons usage des cookies, lisez notre\u00a0<strong><span class=\"ff_dynamic_value\" data-ref=\"politique_confidentialite\" data-fallback=\"\">https:\/\/toetra-photo.com\/politique-de-confidentialite\/<\/span><\/strong><\/p>\n<hr class=\"wp-block-separator\" \/>\n<h3><span id=\"lwptoc25\">6 &#8211; Droit applicable et attribution de juridiction.<\/span><\/h3>\n<p>Tout litige en relation avec l\u2019utilisation du site\u00a0<strong><span class=\"ff_dynamic_value\" data-ref=\"url\" data-fallback=\"\">https:\/\/toetra-photo.com<\/span><\/strong>\u00a0est soumis au droit fran\u00e7ais. En dehors des cas o\u00f9 la loi ne le permet pas, il est fait attribution exclusive de juridiction aux tribunaux comp\u00e9tents de\u00a0<strong><span class=\"ff_dynamic_value\" data-ref=\"ville_du_tribunal\" data-fallback=\"\">Draguignan<\/span><\/strong>.<\/p>","protected":false},"excerpt":{"rendered":"<p>Mentions l\u00e9gales 1 &#8211; \u00c9dition du site En vertu de\u00a0l&rsquo;article 6 de la loi n\u00b0 2004-575 du 21 juin 2004\u00a0pour la confiance dans l&rsquo;\u00e9conomie num\u00e9rique, il est pr\u00e9cis\u00e9 aux utilisateurs du site internet\u00a0https:\/\/toetra-photo.com\u00a0l&rsquo;identit\u00e9 des diff\u00e9rents intervenants dans le cadre de sa r\u00e9alisation et de son suivi: Propri\u00e9taire du site :\u00a0RALY JOHN Toetra &#8211; Toetra RALY JOHN Photographe\u00a0&#8211; Contact :\u00a0contact@toetra-photo.com\u00a0+33 6 23 83 95 24\u00a0&#8211; Adresse :\u00a012 rue Georges Cisson 83300 Draguignan. Identification de l&rsquo;entreprise :\u00a0RALY JOHN Toetra &#8211; Toetra RALY [&hellip;]<\/p>","protected":false},"author":1,"featured_media":0,"parent":0,"menu_order":0,"comment_status":"closed","ping_status":"closed","template":"","meta":{"footnotes":""},"class_list":["post-5087","page","type-page","status-publish","hentry"],"yoast_head":"<!-- This site is optimized with the Yoast SEO plugin v26.8 - https:\/\/yoast.com\/product\/yoast-seo-wordpress\/ -->\n<title>Mentions l\u00e9gales | Photographe de mariage et de famille<\/title>\n<meta name=\"description\" content=\"Photographe de mariage et de famille |\" \/>\n<meta name=\"robots\" content=\"index, follow, max-snippet:-1, max-image-preview:large, max-video-preview:-1\" \/>\n<link rel=\"canonical\" href=\"https:\/\/toetra-photo.com\/en\/mentions-legales\/\" \/>\n<meta property=\"og:locale\" content=\"en_US\" \/>\n<meta property=\"og:type\" content=\"article\" \/>\n<meta property=\"og:title\" content=\"Mentions l\u00e9gales | Photographe de mariage et de famille\" \/>\n<meta property=\"og:description\" content=\"Photographe de mariage et de famille |\" \/>\n<meta property=\"og:url\" content=\"https:\/\/toetra-photo.com\/en\/mentions-legales\/\" \/>\n<meta property=\"og:site_name\" content=\"Photographe de mariage et de famille\" \/>\n<meta property=\"article:publisher\" content=\"https:\/\/www.facebook.com\/ToetraPhoto\" \/>\n<meta property=\"article:modified_time\" content=\"2023-02-11T22:26:55+00:00\" \/>\n<meta property=\"og:image\" content=\"https:\/\/toetra-photo.com\/wp-content\/uploads\/2020\/10\/TRJ_2016-1.jpg\" \/>\n\t<meta property=\"og:image:width\" content=\"1920\" \/>\n\t<meta property=\"og:image:height\" content=\"1280\" \/>\n\t<meta property=\"og:image:type\" content=\"image\/jpeg\" \/>\n<meta name=\"twitter:card\" content=\"summary_large_image\" \/>\n<meta name=\"twitter:label1\" content=\"Est. reading time\" \/>\n\t<meta name=\"twitter:data1\" content=\"4 minutes\" \/>\n<script type=\"application\/ld+json\" class=\"yoast-schema-graph\">{\"@context\":\"https:\/\/schema.org\",\"@graph\":[{\"@type\":\"Article\",\"@id\":\"https:\/\/toetra-photo.com\/mentions-legales\/#article\",\"isPartOf\":{\"@id\":\"https:\/\/toetra-photo.com\/mentions-legales\/\"},\"author\":{\"name\":\"toetrafi@gmail.com\",\"@id\":\"https:\/\/toetra-photo.com\/#\/schema\/person\/8ba2914e31cec244905f12e9c1fe3e3f\"},\"headline\":\"Mentions l\u00e9gales\",\"datePublished\":\"2023-02-11T22:20:28+00:00\",\"dateModified\":\"2023-02-11T22:26:55+00:00\",\"mainEntityOfPage\":{\"@id\":\"https:\/\/toetra-photo.com\/mentions-legales\/\"},\"wordCount\":820,\"publisher\":{\"@id\":\"https:\/\/toetra-photo.com\/#\/schema\/person\/8ba2914e31cec244905f12e9c1fe3e3f\"},\"inLanguage\":\"en-US\"},{\"@type\":\"WebPage\",\"@id\":\"https:\/\/toetra-photo.com\/mentions-legales\/\",\"url\":\"https:\/\/toetra-photo.com\/mentions-legales\/\",\"name\":\"Mentions l\u00e9gales | Photographe de mariage et de famille\",\"isPartOf\":{\"@id\":\"https:\/\/toetra-photo.com\/#website\"},\"datePublished\":\"2023-02-11T22:20:28+00:00\",\"dateModified\":\"2023-02-11T22:26:55+00:00\",\"description\":\"Photographe de mariage et de famille |\",\"breadcrumb\":{\"@id\":\"https:\/\/toetra-photo.com\/mentions-legales\/#breadcrumb\"},\"inLanguage\":\"en-US\",\"potentialAction\":[{\"@type\":\"ReadAction\",\"target\":[\"https:\/\/toetra-photo.com\/mentions-legales\/\"]}]},{\"@type\":\"BreadcrumbList\",\"@id\":\"https:\/\/toetra-photo.com\/mentions-legales\/#breadcrumb\",\"itemListElement\":[{\"@type\":\"ListItem\",\"position\":1,\"name\":\"Accueil\",\"item\":\"https:\/\/toetra-photo.com\/\"},{\"@type\":\"ListItem\",\"position\":2,\"name\":\"Mentions l\u00e9gales\"}]},{\"@type\":\"WebSite\",\"@id\":\"https:\/\/toetra-photo.com\/#website\",\"url\":\"https:\/\/toetra-photo.com\/\",\"name\":\"Photographe Draguignan Var 83\",\"description\":\"Je vous cr\u00e9e des souvenirs authentiques et intemporels. Contactez-moi pour des prestations personnalis\u00e9es\",\"publisher\":{\"@id\":\"https:\/\/toetra-photo.com\/#\/schema\/person\/8ba2914e31cec244905f12e9c1fe3e3f\"},\"alternateName\":\"Photographe de mariage\",\"potentialAction\":[{\"@type\":\"SearchAction\",\"target\":{\"@type\":\"EntryPoint\",\"urlTemplate\":\"https:\/\/toetra-photo.com\/?s={search_term_string}\"},\"query-input\":{\"@type\":\"PropertyValueSpecification\",\"valueRequired\":true,\"valueName\":\"search_term_string\"}}],\"inLanguage\":\"en-US\"},{\"@type\":[\"Person\",\"Organization\"],\"@id\":\"https:\/\/toetra-photo.com\/#\/schema\/person\/8ba2914e31cec244905f12e9c1fe3e3f\",\"name\":\"toetrafi@gmail.com\",\"image\":{\"@type\":\"ImageObject\",\"inLanguage\":\"en-US\",\"@id\":\"https:\/\/toetra-photo.com\/#\/schema\/person\/image\/\",\"url\":\"https:\/\/toetra-photo.com\/wp-content\/uploads\/2023\/01\/Logo-Toetra-Raly-John-noir.png\",\"contentUrl\":\"https:\/\/toetra-photo.com\/wp-content\/uploads\/2023\/01\/Logo-Toetra-Raly-John-noir.png\",\"width\":475,\"height\":136,\"caption\":\"toetrafi@gmail.com\"},\"logo\":{\"@id\":\"https:\/\/toetra-photo.com\/#\/schema\/person\/image\/\"},\"sameAs\":[\"https:\/\/toetra-photo.com\",\"https:\/\/www.facebook.com\/ToetraPhoto\",\"https:\/\/www.instagram.com\/toetra_raly_john\"]}]}<\/script>\n<!-- \/ Yoast SEO plugin. -->","yoast_head_json":{"title":"Mentions l\u00e9gales | Photographe de mariage et de famille","description":"Photographe de mariage et de famille |","robots":{"index":"index","follow":"follow","max-snippet":"max-snippet:-1","max-image-preview":"max-image-preview:large","max-video-preview":"max-video-preview:-1"},"canonical":"https:\/\/toetra-photo.com\/en\/mentions-legales\/","og_locale":"en_US","og_type":"article","og_title":"Mentions l\u00e9gales | Photographe de mariage et de famille","og_description":"Photographe de mariage et de famille |","og_url":"https:\/\/toetra-photo.com\/en\/mentions-legales\/","og_site_name":"Photographe de mariage et de famille","article_publisher":"https:\/\/www.facebook.com\/ToetraPhoto","article_modified_time":"2023-02-11T22:26:55+00:00","og_image":[{"width":1920,"height":1280,"url":"https:\/\/toetra-photo.com\/wp-content\/uploads\/2020\/10\/TRJ_2016-1.jpg","type":"image\/jpeg"}],"twitter_card":"summary_large_image","twitter_misc":{"Est. reading time":"4 minutes"},"schema":{"@context":"https:\/\/schema.org","@graph":[{"@type":"Article","@id":"https:\/\/toetra-photo.com\/mentions-legales\/#article","isPartOf":{"@id":"https:\/\/toetra-photo.com\/mentions-legales\/"},"author":{"name":"toetrafi@gmail.com","@id":"https:\/\/toetra-photo.com\/#\/schema\/person\/8ba2914e31cec244905f12e9c1fe3e3f"},"headline":"Mentions l\u00e9gales","datePublished":"2023-02-11T22:20:28+00:00","dateModified":"2023-02-11T22:26:55+00:00","mainEntityOfPage":{"@id":"https:\/\/toetra-photo.com\/mentions-legales\/"},"wordCount":820,"publisher":{"@id":"https:\/\/toetra-photo.com\/#\/schema\/person\/8ba2914e31cec244905f12e9c1fe3e3f"},"inLanguage":"en-US"},{"@type":"WebPage","@id":"https:\/\/toetra-photo.com\/mentions-legales\/","url":"https:\/\/toetra-photo.com\/mentions-legales\/","name":"Mentions l\u00e9gales | Photographe de mariage et de famille","isPartOf":{"@id":"https:\/\/toetra-photo.com\/#website"},"datePublished":"2023-02-11T22:20:28+00:00","dateModified":"2023-02-11T22:26:55+00:00","description":"Photographe de mariage et de famille |","breadcrumb":{"@id":"https:\/\/toetra-photo.com\/mentions-legales\/#breadcrumb"},"inLanguage":"en-US","potentialAction":[{"@type":"ReadAction","target":["https:\/\/toetra-photo.com\/mentions-legales\/"]}]},{"@type":"BreadcrumbList","@id":"https:\/\/toetra-photo.com\/mentions-legales\/#breadcrumb","itemListElement":[{"@type":"ListItem","position":1,"name":"Accueil","item":"https:\/\/toetra-photo.com\/"},{"@type":"ListItem","position":2,"name":"Mentions l\u00e9gales"}]},{"@type":"WebSite","@id":"https:\/\/toetra-photo.com\/#website","url":"https:\/\/toetra-photo.com\/","name":"Photographe Draguignan Var 83","description":"Je vous cr\u00e9e des souvenirs authentiques et intemporels. Contactez-moi pour des prestations personnalis\u00e9es","publisher":{"@id":"https:\/\/toetra-photo.com\/#\/schema\/person\/8ba2914e31cec244905f12e9c1fe3e3f"},"alternateName":"Photographe de mariage","potentialAction":[{"@type":"SearchAction","target":{"@type":"EntryPoint","urlTemplate":"https:\/\/toetra-photo.com\/?s={search_term_string}"},"query-input":{"@type":"PropertyValueSpecification","valueRequired":true,"valueName":"search_term_string"}}],"inLanguage":"en-US"},{"@type":["Person","Organization"],"@id":"https:\/\/toetra-photo.com\/#\/schema\/person\/8ba2914e31cec244905f12e9c1fe3e3f","name":"toetrafi@gmail.com","image":{"@type":"ImageObject","inLanguage":"en-US","@id":"https:\/\/toetra-photo.com\/#\/schema\/person\/image\/","url":"https:\/\/toetra-photo.com\/wp-content\/uploads\/2023\/01\/Logo-Toetra-Raly-John-noir.png","contentUrl":"https:\/\/toetra-photo.com\/wp-content\/uploads\/2023\/01\/Logo-Toetra-Raly-John-noir.png","width":475,"height":136,"caption":"toetrafi@gmail.com"},"logo":{"@id":"https:\/\/toetra-photo.com\/#\/schema\/person\/image\/"},"sameAs":["https:\/\/toetra-photo.com","https:\/\/www.facebook.com\/ToetraPhoto","https:\/\/www.instagram.com\/toetra_raly_john"]}]}},"_links":{"self":[{"href":"https:\/\/toetra-photo.com\/en\/wp-json\/wp\/v2\/pages\/5087","targetHints":{"allow":["GET"]}}],"collection":[{"href":"https:\/\/toetra-photo.com\/en\/wp-json\/wp\/v2\/pages"}],"about":[{"href":"https:\/\/toetra-photo.com\/en\/wp-json\/wp\/v2\/types\/page"}],"author":[{"embeddable":true,"href":"https:\/\/toetra-photo.com\/en\/wp-json\/wp\/v2\/users\/1"}],"replies":[{"embeddable":true,"href":"https:\/\/toetra-photo.com\/en\/wp-json\/wp\/v2\/comments?post=5087"}],"version-history":[{"count":2,"href":"https:\/\/toetra-photo.com\/en\/wp-json\/wp\/v2\/pages\/5087\/revisions"}],"predecessor-version":[{"id":5095,"href":"https:\/\/toetra-photo.com\/en\/wp-json\/wp\/v2\/pages\/5087\/revisions\/5095"}],"wp:attachment":[{"href":"https:\/\/toetra-photo.com\/en\/wp-json\/wp\/v2\/media?parent=5087"}],"curies":[{"name":"wp","href":"https:\/\/api.w.org\/{rel}","templated":true}]}}